{"id":17842,"date":"2022-10-04T07:27:05","date_gmt":"2022-10-04T07:27:05","guid":{"rendered":"https:\/\/www.azur-scenic.com\/produit\/moquette-costa-brava\/"},"modified":"2023-08-02T13:14:18","modified_gmt":"2023-08-02T13:14:18","slug":"moqueta-costa-brava","status":"publish","type":"product","link":"https:\/\/www.azur-scenic.com\/es\/producto\/moqueta-costa-brava\/","title":{"rendered":"Moqueta Costa Brava"},"content":{"rendered":"<table style=\"width: 40.101%; height: 384px;\">\n<thead>\n<tr style=\"height: 24px;\">\n<th style=\"width: 170px; height: 24px;\">Datos t\u00e9cnicos<\/th>\n<th style=\"width: 82px; height: 24px;\">Valor<\/th>\n<th style=\"width: 277px; height: 24px;\">Comentarios<\/th>\n<\/tr>\n<\/thead>\n<tbody>\n<tr style=\"height: 144px;\">\n<td style=\"vertical-align: top; height: 144px;\">Ancho<\/td>\n<td style=\"vertical-align: top; width: 82px; height: 144px;\">200\u00a0cm<\/td>\n<td style=\"vertical-align: top; width: 277px; height: 144px;\"><em>Posibilidad de fabricar en 400\u00a0cm de ancho por encargo, considerar un plazo de producci\u00f3n y un m\u00ednimo de 140 m\u00b2 por color (tener en cuenta los costes de transporte adicionales para las piezas de 4 m)<\/em><\/td>\n<\/tr>\n<tr style=\"height: 24px;\">\n<td style=\"vertical-align: top; height: 24px;\">Peso<\/td>\n<td style=\"vertical-align: top; width: 82px; height: 24px;\">620 g\/m\u00b2<\/td>\n<td style=\"vertical-align: top; width: 277px; height: 24px;\">\u00a0<\/td>\n<\/tr>\n<tr style=\"height: 24px;\">\n<td style=\"vertical-align: top; height: 24px;\">Grosor<\/td>\n<td style=\"vertical-align: top; width: 82px; height: 24px;\">2,5\u00a0mm<\/td>\n<td style=\"vertical-align: top; width: 277px; height: 24px;\">\u00a0<\/td>\n<\/tr>\n<tr style=\"height: 24px;\">\n<td style=\"vertical-align: top; height: 24px;\">Clasificaci\u00f3n ante el fuego<\/td>\n<td style=\"vertical-align: top; width: 82px; height: 24px;\"><img decoding=\"async\" style=\"height: 20px; width: 20px;\" src=\"https:\/\/www.azur-scenic.com\/wp-content\/uploads\/icon-flag-europe.png\" \/> Bfl -S1<\/td>\n<td style=\"vertical-align: top; width: 277px; height: 24px;\">Norma: EN 13501-1<\/td>\n<\/tr>\n<tr style=\"height: 48px;\">\n<td style=\"vertical-align: top; height: 48px;\">Composici\u00f3n<\/td>\n<td style=\"vertical-align: top; height: 48px;\" colspan=\"2\" rowspan=\"1\">Pelo: 100 % polipropileno<br \/>\nCapa inferior: L\u00e1tex sint\u00e9tico<\/td>\n<\/tr>\n<tr style=\"height: 24px;\">\n<td style=\"vertical-align: top; height: 24px;\">Solidez a la luz<\/td>\n<td style=\"vertical-align: top; width: 82px; height: 24px;\">\u2265 6<\/td>\n<td style=\"vertical-align: top; width: 277px; height: 24px;\">Norma: UNI EN ISO 105B02<\/td>\n<\/tr>\n<tr style=\"height: 72px;\">\n<td style=\"vertical-align: top; height: 72px;\">Longitud del rollo<\/td>\n<td style=\"vertical-align: top; width: 82px; height: 72px;\">35 ml<br \/>\n(70 m\u00b2)<\/td>\n<td style=\"vertical-align: top; width: 277px; height: 72px;\">No se vende al corte (solo piezas enteras)<\/td>\n<\/tr>\n<\/tbody>\n<\/table>\n","protected":false},"excerpt":{"rendered":"<p>\u00a1Dale un toque <strong><span style=\"color: #f88523;\">festivo<\/span><\/strong> a todos tus eventos gracias a esta <span style=\"color: #f88523;\"><strong>moqueta<\/strong><\/span> con clasificaci\u00f3n <span style=\"color: #f88523;\"><strong>ante el fuego<\/strong><\/span> Bfl-S1 y tachonada con finas <span style=\"color: #f88523;\"><strong>lentejuelas<\/strong><\/span> de colores a juego!<br \/>\nEsta moqueta gruesa (620 g\/m\u00b2), un producto imprescindible en las fiestas de fin de a\u00f1o, cuenta con un acabado de lentejuelas resistente, sin dejar de ser <span style=\"color: #f88523;\"><strong>econ\u00f3mica<\/strong><\/span>.<br \/>\nEsta moqueta es un art\u00edculo destinado a los <span style=\"color: #f88523;\"><strong>eventos<\/strong><\/span> (recepciones, desfiles, galas, etc.), y muy solicitada para los usos en \u00abone shot\u00bb.<\/p>\n<table class=\"table\">\n<tbody>\n<tr>\n<td><strong>Ancho<\/strong>: 200\u00a0cm<\/td>\n<td><strong>Peso<\/strong>: 620 g\/m\u00b2<\/td>\n<\/tr>\n<tr>\n<td><strong>Clasificaci\u00f3n ante el fuego<\/strong>: <img decoding=\"async\" style=\"height: 20px; width: 20px;\" src=\"https:\/\/www.azur-scenic.com\/wp-content\/uploads\/icon-flag-europe.png\" \/> Bfl -S1<\/td>\n<td><strong>Composici\u00f3n<\/strong>:<br \/>\nPelo: 100 % polipropileno<br \/>\nCapa inferior: L\u00e1tex sint\u00e9tico<\/td>\n<\/tr>\n<\/tbody>\n<\/table>\n","protected":false},"featured_media":15255,"template":"","meta":{"_acf_changed":false},"product_brand":[],"product_cat":[1097,1405,1363,944],"product_tag":[],"class_list":{"0":"post-17842","1":"product","2":"type-product","3":"status-publish","4":"has-post-thumbnail","6":"product_cat-revestimientos-para-suelos-y-alfombras-de-baile","7":"product_cat-moquetas-y-alfombras-para-exposiciones","8":"product_cat-tejidos-metalizados","9":"product_cat-todos-los-productos","10":"pa_couleurs-002-090-es","11":"pa_couleurs-002-092-es","12":"pa_couleurs-002-095-es","13":"pa_couleurs-003-090-es","14":"pa_couleurs-003-099-es","15":"pa_couleurs-092-092-es","16":"pa_couleurs-120-090-es","17":"pa_couleurs-270-092-es","18":"pa_couleurs-760-700-es","19":"pa_groupes-de-couleurs-blanco","20":"pa_groupes-de-couleurs-azules","21":"pa_groupes-de-couleurs-gris","22":"pa_groupes-de-couleurs-amarillos","23":"pa_groupes-de-couleurs-negro","24":"pa_groupes-de-couleurs-rojos","25":"pa_textiles-brillantes-laqueados-y-metalicos","26":"pa_textiles-ignifugo","27":"pa_textiles-economico","29":"first","30":"instock","31":"shipping-taxable","32":"purchasable","33":"product-type-variable"},"acf":[],"yoast_head":"<!-- This site is optimized with the Yoast SEO plugin v27.3 - https:\/\/yoast.com\/product\/yoast-seo-wordpress\/ -->\n<title>Moqueta Costa Brava - Azur Scenic<\/title>\n<meta name=\"description\" content=\"\u00a1Dale un toque festivo a todos tus eventos gracias a esta moqueta con clasificaci\u00f3n ante el fuego Bfl-S1 y tachonada con finas lentejuelas de colores a juego! Esta moqueta gruesa (620 g\/m\u00b2), un producto imprescindible en las fiestas de fin de a\u00f1o, cuenta con un acabado de lentejuelas resistente, sin dejar de ser econ\u00f3mica. Esta moqueta es un art\u00edculo destinado a los eventos (recepciones, desfiles, galas, etc.), y muy solicitada para los usos en \u00abone shot\u00bb.  Ancho: 200\u00a0cm Peso: 620 g\/m\u00b2  Clasificaci\u00f3n ante el fuego: Bfl -S1 Composici\u00f3n: Pelo: 100 % polipropileno Capa inferior: L\u00e1tex sint\u00e9tico\" \/>\n<meta name=\"robots\" content=\"index, follow, max-snippet:-1, max-image-preview:large, max-video-preview:-1\" \/>\n<link rel=\"canonical\" href=\"https:\/\/www.azur-scenic.com\/es\/producto\/moqueta-costa-brava\/\" \/>\n<meta property=\"og:locale\" content=\"es_ES\" \/>\n<meta property=\"og:type\" content=\"article\" \/>\n<meta property=\"og:title\" content=\"Moqueta Costa Brava - Azur Scenic\" \/>\n<meta property=\"og:description\" content=\"\u00a1Dale un toque festivo a todos tus eventos gracias a esta moqueta con clasificaci\u00f3n ante el fuego Bfl-S1 y tachonada con finas lentejuelas de colores a juego! Esta moqueta gruesa (620 g\/m\u00b2), un producto imprescindible en las fiestas de fin de a\u00f1o, cuenta con un acabado de lentejuelas resistente, sin dejar de ser econ\u00f3mica. Esta moqueta es un art\u00edculo destinado a los eventos (recepciones, desfiles, galas, etc.), y muy solicitada para los usos en \u00abone shot\u00bb.  Ancho: 200\u00a0cm Peso: 620 g\/m\u00b2  Clasificaci\u00f3n ante el fuego: Bfl -S1 Composici\u00f3n: Pelo: 100 % polipropileno Capa inferior: L\u00e1tex sint\u00e9tico\" \/>\n<meta property=\"og:url\" content=\"https:\/\/www.azur-scenic.com\/es\/producto\/moqueta-costa-brava\/\" \/>\n<meta property=\"og:site_name\" content=\"Azur Scenic\" \/>\n<meta property=\"article:modified_time\" content=\"2023-08-02T13:14:18+00:00\" \/>\n<meta property=\"og:image\" content=\"https:\/\/www.azur-scenic.com\/wp-content\/uploads\/COSTA-BRAVA-OR-scaled.jpg\" \/>\n\t<meta property=\"og:image:width\" content=\"2560\" \/>\n\t<meta property=\"og:image:height\" content=\"2560\" \/>\n\t<meta property=\"og:image:type\" content=\"image\/jpeg\" \/>\n<meta name=\"twitter:card\" content=\"summary_large_image\" \/>\n<script type=\"application\/ld+json\" class=\"yoast-schema-graph\">{\"@context\":\"https:\\\/\\\/schema.org\",\"@graph\":[{\"@type\":\"WebPage\",\"@id\":\"https:\\\/\\\/www.azur-scenic.com\\\/es\\\/producto\\\/moqueta-costa-brava\\\/\",\"url\":\"https:\\\/\\\/www.azur-scenic.com\\\/es\\\/producto\\\/moqueta-costa-brava\\\/\",\"name\":\"Moqueta Costa Brava - Azur Scenic\",\"isPartOf\":{\"@id\":\"https:\\\/\\\/www.azur-scenic.com\\\/es\\\/#website\"},\"primaryImageOfPage\":{\"@id\":\"https:\\\/\\\/www.azur-scenic.com\\\/es\\\/producto\\\/moqueta-costa-brava\\\/#primaryimage\"},\"image\":{\"@id\":\"https:\\\/\\\/www.azur-scenic.com\\\/es\\\/producto\\\/moqueta-costa-brava\\\/#primaryimage\"},\"thumbnailUrl\":\"https:\\\/\\\/www.azur-scenic.com\\\/wp-content\\\/uploads\\\/COSTA-BRAVA-OR-scaled.jpg\",\"datePublished\":\"2022-10-04T07:27:05+00:00\",\"dateModified\":\"2023-08-02T13:14:18+00:00\",\"description\":\"\u00a1Dale un toque festivo a todos tus eventos gracias a esta moqueta con clasificaci\u00f3n ante el fuego Bfl-S1 y tachonada con finas lentejuelas de colores a juego! Esta moqueta gruesa (620 g\\\/m\u00b2), un producto imprescindible en las fiestas de fin de a\u00f1o, cuenta con un acabado de lentejuelas resistente, sin dejar de ser econ\u00f3mica. Esta moqueta es un art\u00edculo destinado a los eventos (recepciones, desfiles, galas, etc.), y muy solicitada para los usos en \u00abone shot\u00bb. Ancho: 200\u00a0cm Peso: 620 g\\\/m\u00b2 Clasificaci\u00f3n ante el fuego: Bfl -S1 Composici\u00f3n: Pelo: 100 % polipropileno Capa inferior: L\u00e1tex sint\u00e9tico\",\"breadcrumb\":{\"@id\":\"https:\\\/\\\/www.azur-scenic.com\\\/es\\\/producto\\\/moqueta-costa-brava\\\/#breadcrumb\"},\"inLanguage\":\"es\",\"potentialAction\":[{\"@type\":\"ReadAction\",\"target\":[\"https:\\\/\\\/www.azur-scenic.com\\\/es\\\/producto\\\/moqueta-costa-brava\\\/\"]}]},{\"@type\":\"ImageObject\",\"inLanguage\":\"es\",\"@id\":\"https:\\\/\\\/www.azur-scenic.com\\\/es\\\/producto\\\/moqueta-costa-brava\\\/#primaryimage\",\"url\":\"https:\\\/\\\/www.azur-scenic.com\\\/wp-content\\\/uploads\\\/COSTA-BRAVA-OR-scaled.jpg\",\"contentUrl\":\"https:\\\/\\\/www.azur-scenic.com\\\/wp-content\\\/uploads\\\/COSTA-BRAVA-OR-scaled.jpg\",\"width\":2560,\"height\":2560,\"caption\":\"COSTA BRAVA OR\"},{\"@type\":\"BreadcrumbList\",\"@id\":\"https:\\\/\\\/www.azur-scenic.com\\\/es\\\/producto\\\/moqueta-costa-brava\\\/#breadcrumb\",\"itemListElement\":[{\"@type\":\"ListItem\",\"position\":1,\"name\":\"Accueil\",\"item\":\"https:\\\/\\\/www.azur-scenic.com\\\/es\\\/\"},{\"@type\":\"ListItem\",\"position\":2,\"name\":\"Productos\",\"item\":\"https:\\\/\\\/www.azur-scenic.com\\\/es\\\/?page_id=21440\"},{\"@type\":\"ListItem\",\"position\":3,\"name\":\"Moqueta Costa Brava\"}]},{\"@type\":\"WebSite\",\"@id\":\"https:\\\/\\\/www.azur-scenic.com\\\/es\\\/#website\",\"url\":\"https:\\\/\\\/www.azur-scenic.com\\\/es\\\/\",\"name\":\"Azur Scenic\",\"description\":\"Sp\u00e9cialiste de l\u2019\u00e9quipement sc\u00e9nique et de la d\u00e9coration int\u00e9rieure et \u00e9v\u00e9nementielle !\",\"publisher\":{\"@id\":\"https:\\\/\\\/www.azur-scenic.com\\\/es\\\/#organization\"},\"potentialAction\":[{\"@type\":\"SearchAction\",\"target\":{\"@type\":\"EntryPoint\",\"urlTemplate\":\"https:\\\/\\\/www.azur-scenic.com\\\/es\\\/?s={search_term_string}\"},\"query-input\":{\"@type\":\"PropertyValueSpecification\",\"valueRequired\":true,\"valueName\":\"search_term_string\"}}],\"inLanguage\":\"es\"},{\"@type\":\"Organization\",\"@id\":\"https:\\\/\\\/www.azur-scenic.com\\\/es\\\/#organization\",\"name\":\"AZUR SCENIC\",\"url\":\"https:\\\/\\\/www.azur-scenic.com\\\/es\\\/\",\"logo\":{\"@type\":\"ImageObject\",\"inLanguage\":\"es\",\"@id\":\"https:\\\/\\\/www.azur-scenic.com\\\/es\\\/#\\\/schema\\\/logo\\\/image\\\/\",\"url\":\"https:\\\/\\\/www.azur-scenic.com\\\/wp-content\\\/uploads\\\/2022\\\/09\\\/LOGO-AZUR-SCENIC-Fusion-web-236x64-1.jpg\",\"contentUrl\":\"https:\\\/\\\/www.azur-scenic.com\\\/wp-content\\\/uploads\\\/2022\\\/09\\\/LOGO-AZUR-SCENIC-Fusion-web-236x64-1.jpg\",\"width\":236,\"height\":64,\"caption\":\"AZUR SCENIC\"},\"image\":{\"@id\":\"https:\\\/\\\/www.azur-scenic.com\\\/es\\\/#\\\/schema\\\/logo\\\/image\\\/\"},\"sameAs\":[\"https:\\\/\\\/www.youtube.com\\\/channel\\\/UCPWM2mGPVUt4nYhNlm71WOA\",\"https:\\\/\\\/www.linkedin.com\\\/company\\\/33237605\\\/admin\\\/feed\\\/posts\\\/\"]}]}<\/script>\n<!-- \/ Yoast SEO plugin. -->","yoast_head_json":{"title":"Moqueta Costa Brava - Azur Scenic","description":"\u00a1Dale un toque festivo a todos tus eventos gracias a esta moqueta con clasificaci\u00f3n ante el fuego Bfl-S1 y tachonada con finas lentejuelas de colores a juego! Esta moqueta gruesa (620 g\/m\u00b2), un producto imprescindible en las fiestas de fin de a\u00f1o, cuenta con un acabado de lentejuelas resistente, sin dejar de ser econ\u00f3mica. Esta moqueta es un art\u00edculo destinado a los eventos (recepciones, desfiles, galas, etc.), y muy solicitada para los usos en \u00abone shot\u00bb.  Ancho: 200\u00a0cm Peso: 620 g\/m\u00b2  Clasificaci\u00f3n ante el fuego: Bfl -S1 Composici\u00f3n: Pelo: 100 % polipropileno Capa inferior: L\u00e1tex sint\u00e9tico","robots":{"index":"index","follow":"follow","max-snippet":"max-snippet:-1","max-image-preview":"max-image-preview:large","max-video-preview":"max-video-preview:-1"},"canonical":"https:\/\/www.azur-scenic.com\/es\/producto\/moqueta-costa-brava\/","og_locale":"es_ES","og_type":"article","og_title":"Moqueta Costa Brava - Azur Scenic","og_description":"\u00a1Dale un toque festivo a todos tus eventos gracias a esta moqueta con clasificaci\u00f3n ante el fuego Bfl-S1 y tachonada con finas lentejuelas de colores a juego! Esta moqueta gruesa (620 g\/m\u00b2), un producto imprescindible en las fiestas de fin de a\u00f1o, cuenta con un acabado de lentejuelas resistente, sin dejar de ser econ\u00f3mica. Esta moqueta es un art\u00edculo destinado a los eventos (recepciones, desfiles, galas, etc.), y muy solicitada para los usos en \u00abone shot\u00bb.  Ancho: 200\u00a0cm Peso: 620 g\/m\u00b2  Clasificaci\u00f3n ante el fuego: Bfl -S1 Composici\u00f3n: Pelo: 100 % polipropileno Capa inferior: L\u00e1tex sint\u00e9tico","og_url":"https:\/\/www.azur-scenic.com\/es\/producto\/moqueta-costa-brava\/","og_site_name":"Azur Scenic","article_modified_time":"2023-08-02T13:14:18+00:00","og_image":[{"width":2560,"height":2560,"url":"https:\/\/www.azur-scenic.com\/wp-content\/uploads\/COSTA-BRAVA-OR-scaled.jpg","type":"image\/jpeg"}],"twitter_card":"summary_large_image","schema":{"@context":"https:\/\/schema.org","@graph":[{"@type":"WebPage","@id":"https:\/\/www.azur-scenic.com\/es\/producto\/moqueta-costa-brava\/","url":"https:\/\/www.azur-scenic.com\/es\/producto\/moqueta-costa-brava\/","name":"Moqueta Costa Brava - Azur Scenic","isPartOf":{"@id":"https:\/\/www.azur-scenic.com\/es\/#website"},"primaryImageOfPage":{"@id":"https:\/\/www.azur-scenic.com\/es\/producto\/moqueta-costa-brava\/#primaryimage"},"image":{"@id":"https:\/\/www.azur-scenic.com\/es\/producto\/moqueta-costa-brava\/#primaryimage"},"thumbnailUrl":"https:\/\/www.azur-scenic.com\/wp-content\/uploads\/COSTA-BRAVA-OR-scaled.jpg","datePublished":"2022-10-04T07:27:05+00:00","dateModified":"2023-08-02T13:14:18+00:00","description":"\u00a1Dale un toque festivo a todos tus eventos gracias a esta moqueta con clasificaci\u00f3n ante el fuego Bfl-S1 y tachonada con finas lentejuelas de colores a juego! Esta moqueta gruesa (620 g\/m\u00b2), un producto imprescindible en las fiestas de fin de a\u00f1o, cuenta con un acabado de lentejuelas resistente, sin dejar de ser econ\u00f3mica. Esta moqueta es un art\u00edculo destinado a los eventos (recepciones, desfiles, galas, etc.), y muy solicitada para los usos en \u00abone shot\u00bb. Ancho: 200\u00a0cm Peso: 620 g\/m\u00b2 Clasificaci\u00f3n ante el fuego: Bfl -S1 Composici\u00f3n: Pelo: 100 % polipropileno Capa inferior: L\u00e1tex sint\u00e9tico","breadcrumb":{"@id":"https:\/\/www.azur-scenic.com\/es\/producto\/moqueta-costa-brava\/#breadcrumb"},"inLanguage":"es","potentialAction":[{"@type":"ReadAction","target":["https:\/\/www.azur-scenic.com\/es\/producto\/moqueta-costa-brava\/"]}]},{"@type":"ImageObject","inLanguage":"es","@id":"https:\/\/www.azur-scenic.com\/es\/producto\/moqueta-costa-brava\/#primaryimage","url":"https:\/\/www.azur-scenic.com\/wp-content\/uploads\/COSTA-BRAVA-OR-scaled.jpg","contentUrl":"https:\/\/www.azur-scenic.com\/wp-content\/uploads\/COSTA-BRAVA-OR-scaled.jpg","width":2560,"height":2560,"caption":"COSTA BRAVA OR"},{"@type":"BreadcrumbList","@id":"https:\/\/www.azur-scenic.com\/es\/producto\/moqueta-costa-brava\/#breadcrumb","itemListElement":[{"@type":"ListItem","position":1,"name":"Accueil","item":"https:\/\/www.azur-scenic.com\/es\/"},{"@type":"ListItem","position":2,"name":"Productos","item":"https:\/\/www.azur-scenic.com\/es\/?page_id=21440"},{"@type":"ListItem","position":3,"name":"Moqueta Costa Brava"}]},{"@type":"WebSite","@id":"https:\/\/www.azur-scenic.com\/es\/#website","url":"https:\/\/www.azur-scenic.com\/es\/","name":"Azur Scenic","description":"Sp\u00e9cialiste de l\u2019\u00e9quipement sc\u00e9nique et de la d\u00e9coration int\u00e9rieure et \u00e9v\u00e9nementielle !","publisher":{"@id":"https:\/\/www.azur-scenic.com\/es\/#organization"},"potentialAction":[{"@type":"SearchAction","target":{"@type":"EntryPoint","urlTemplate":"https:\/\/www.azur-scenic.com\/es\/?s={search_term_string}"},"query-input":{"@type":"PropertyValueSpecification","valueRequired":true,"valueName":"search_term_string"}}],"inLanguage":"es"},{"@type":"Organization","@id":"https:\/\/www.azur-scenic.com\/es\/#organization","name":"AZUR SCENIC","url":"https:\/\/www.azur-scenic.com\/es\/","logo":{"@type":"ImageObject","inLanguage":"es","@id":"https:\/\/www.azur-scenic.com\/es\/#\/schema\/logo\/image\/","url":"https:\/\/www.azur-scenic.com\/wp-content\/uploads\/2022\/09\/LOGO-AZUR-SCENIC-Fusion-web-236x64-1.jpg","contentUrl":"https:\/\/www.azur-scenic.com\/wp-content\/uploads\/2022\/09\/LOGO-AZUR-SCENIC-Fusion-web-236x64-1.jpg","width":236,"height":64,"caption":"AZUR SCENIC"},"image":{"@id":"https:\/\/www.azur-scenic.com\/es\/#\/schema\/logo\/image\/"},"sameAs":["https:\/\/www.youtube.com\/channel\/UCPWM2mGPVUt4nYhNlm71WOA","https:\/\/www.linkedin.com\/company\/33237605\/admin\/feed\/posts\/"]}]}},"_links":{"self":[{"href":"https:\/\/www.azur-scenic.com\/es\/wp-json\/wp\/v2\/product\/17842","targetHints":{"allow":["GET"]}}],"collection":[{"href":"https:\/\/www.azur-scenic.com\/es\/wp-json\/wp\/v2\/product"}],"about":[{"href":"https:\/\/www.azur-scenic.com\/es\/wp-json\/wp\/v2\/types\/product"}],"wp:featuredmedia":[{"embeddable":true,"href":"https:\/\/www.azur-scenic.com\/es\/wp-json\/wp\/v2\/media\/15255"}],"wp:attachment":[{"href":"https:\/\/www.azur-scenic.com\/es\/wp-json\/wp\/v2\/media?parent=17842"}],"wp:term":[{"taxonomy":"product_brand","embeddable":true,"href":"https:\/\/www.azur-scenic.com\/es\/wp-json\/wp\/v2\/product_brand?post=17842"},{"taxonomy":"product_cat","embeddable":true,"href":"https:\/\/www.azur-scenic.com\/es\/wp-json\/wp\/v2\/product_cat?post=17842"},{"taxonomy":"product_tag","embeddable":true,"href":"https:\/\/www.azur-scenic.com\/es\/wp-json\/wp\/v2\/product_tag?post=17842"}],"curies":[{"name":"wp","href":"https:\/\/api.w.org\/{rel}","templated":true}]}}