{"id":17229,"date":"2022-10-04T07:28:33","date_gmt":"2022-10-04T07:28:33","guid":{"rendered":"https:\/\/www.azur-scenic.com\/produit\/tissu-doccultation-m1\/"},"modified":"2024-10-23T12:45:24","modified_gmt":"2024-10-23T12:45:24","slug":"tecido-de-ocultacao-m1","status":"publish","type":"product","link":"https:\/\/www.azur-scenic.com\/pt-pt\/produto\/tecido-de-ocultacao-m1\/","title":{"rendered":"Tecido de oculta\u00e7\u00e3o M1"},"content":{"rendered":"<table>\n<thead>\n<tr>\n<th style=\"width: 170px;\">Dados t\u00e9cnicos<\/th>\n<th>Valor<\/th>\n<th>Coment\u00e1rio<\/th>\n<\/tr>\n<\/thead>\n<tbody>\n<tr>\n<td style=\"vertical-align: top;\">Largura<\/td>\n<td style=\"vertical-align: top;\">280 cm<\/td>\n<td style=\"vertical-align: top;\">\u00a0<\/td>\n<\/tr>\n<tr>\n<td style=\"vertical-align: top;\">Peso<\/td>\n<td style=\"vertical-align: top;\">280 g\/m\u00b2<\/td>\n<td style=\"vertical-align: top;\">\u00a0<\/td>\n<\/tr>\n<tr>\n<td style=\"vertical-align: top;\">Espessura<\/td>\n<td style=\"vertical-align: top;\">0,37 mm<\/td>\n<td style=\"vertical-align: top;\">\u00a0<\/td>\n<\/tr>\n<tr>\n<td style=\"vertical-align: top;\">Classifica\u00e7\u00e3o de rea\u00e7\u00e3o ao fogo<\/td>\n<td style=\"vertical-align: top;\"><img decoding=\"async\" style=\"height: 20px; width: 20px;\" src=\"https:\/\/www.azur-scenic.com\/wp-content\/uploads\/csm_icon-flag-france_3304e5e3f9.png\" \/> M1<\/td>\n<td style=\"vertical-align: top;\">Norma: NF P 92 507<\/td>\n<\/tr>\n<tr>\n<td style=\"vertical-align: top;\">Composi\u00e7\u00e3o<\/td>\n<td style=\"vertical-align: top;\" colspan=\"2\">100% poli\u00e9ster com avesso acr\u00edlico floculado branco<\/td>\n<\/tr>\n<tr>\n<td style=\"vertical-align: top;\">Comprimento do rolo<\/td>\n<td style=\"vertical-align: top;\">Aprox. 50 m<br \/>\n(em 2&#215;25)<\/td>\n<td style=\"vertical-align: top;\">Venda por corte\/retalho, min 5 m lineares<\/td>\n<\/tr>\n<tr>\n<td style=\"vertical-align: top;\">Absor\u00e7\u00e3o ac\u00fastica<\/td>\n<td style=\"vertical-align: top;\">coef. Nrc 0,38<\/td>\n<td style=\"vertical-align: top;\">\u00a0<\/td>\n<\/tr>\n<\/tbody>\n<\/table>\n<p><em>ATEN\u00c7\u00c3O: Este tecido est\u00e1 sujeito a grandes diferen\u00e7as de tonalidade entre produ\u00e7\u00f5es da mesma cor. A Azur Scenic n\u00e3o pode garantir uma correspond\u00eancia entre as cores de v\u00e1rias produ\u00e7\u00f5es e n\u00e3o pode ser responsabilizada em caso de diferen\u00e7a de cor entre a cor entregue e a cor selecionada numa amostra.<\/em><\/p>\n","protected":false},"excerpt":{"rendered":"<p style=\"text-align: justify;\">Tecido <strong><span style=\"color: #f88523;\">100% ocultante (blackout)<\/span><\/strong> com uma apar\u00eancia particularmente <strong><span style=\"color: #f88523;\">cuidada<\/span><\/strong>, com classifica\u00e7\u00e3o <span style=\"color: #f88523;\"><strong>M1<\/strong><\/span> rea\u00e7\u00e3o ao fogo (ign\u00edfugo) e dispon\u00edvel numa vasta gama de <span style=\"color: #f88523;\"><strong>cores<\/strong><\/span> decorativas.<br \/>\nDotado de um revestimento branco off-white, este produto tem propriedades de <span style=\"color: #f88523;\"><strong>reflex\u00e3o luminosa<\/strong><\/span> e <span style=\"color: #f88523;\"><strong>t\u00e9rmica<\/strong><\/span>.<\/p>\n<p style=\"text-align: justify;\">Al\u00e9m disso, trata-se de um tecido <span style=\"color: #f88523;\"><strong>lav\u00e1vel<\/strong><\/span> e <strong><span style=\"color: #f88523;\">resistente aos raios UV<\/span><\/strong>, por isso pode tamb\u00e9m ser utilizado tanto em <span style=\"color: #f88523;\"><strong>interiores<\/strong><\/span> como no <strong><span style=\"color: #f88523;\">exterior<\/span><\/strong>.<br \/>\nEste t\u00eaxtil \u00e9 adequado para a confe\u00e7\u00e3o de <strong><span style=\"color: #f88523;\">cortinas de oculta\u00e7\u00e3o<\/span><\/strong>, bem como para o <span style=\"color: #f88523;\"><strong>forro de caixilhos ou molduras<\/strong><\/span>.<\/p>\n<table class=\"table\" style=\"background-color: #f7f7f7; background-position: initial initial; background-repeat: initial initial; width: 640px;\">\n<tbody>\n<tr>\n<td style=\"width: 207px;\"><strong>Largura<\/strong>: 280 cm<\/td>\n<td style=\"width: 417px;\"><strong>Peso<\/strong>:\u00a0280 g\/m\u00b2<\/td>\n<\/tr>\n<tr>\n<td style=\"width: 207px;\"><strong>Classifica\u00e7\u00e3o de rea\u00e7\u00e3o ao fogo<\/strong>: <img decoding=\"async\" style=\"height: 20px; width: 20px;\" src=\"https:\/\/www.azur-scenic.com\/wp-content\/uploads\/csm_icon-flag-france_3304e5e3f9.png\" \/> M1<\/td>\n<td style=\"vertical-align: top; width: 417px;\"><strong>Composi\u00e7\u00e3o<\/strong>: 100% PES<br \/>\n(com avesso acr\u00edlico floculado branco)<\/td>\n<\/tr>\n<\/tbody>\n<\/table>\n<p><em>ATEN\u00c7\u00c3O: Este tecido est\u00e1 sujeito a grandes diferen\u00e7as de tonalidade entre produ\u00e7\u00f5es da mesma cor. A Azur Scenic n\u00e3o pode garantir uma correspond\u00eancia entre as cores de v\u00e1rias produ\u00e7\u00f5es e n\u00e3o pode ser responsabilizada em caso de diferen\u00e7a de cor entre a cor entregue e a cor selecionada numa amostra.<\/em><\/p>\n","protected":false},"featured_media":14614,"template":"","meta":{"_acf_changed":false},"product_brand":[],"product_cat":[921,916,919,989],"product_tag":[],"class_list":{"0":"post-17229","1":"product","2":"type-product","3":"status-publish","4":"has-post-thumbnail","6":"product_cat-todos-os-produtos","7":"product_cat-texteis-cenicos-e-para-eventos","8":"product_cat-ocultantes-blackout","9":"product_cat-decoracao","10":"pa_couleurs-003-negro","11":"pa_couleurs-100-cinzento","12":"pa_couleurs-108-estanho","13":"pa_couleurs-110-cinzento-claro","14":"pa_couleurs-120-perola","15":"pa_couleurs-170-ferro","16":"pa_couleurs-180-ardosia","17":"pa_couleurs-288-borgonha","18":"pa_couleurs-350-mandarina","19":"pa_couleurs-440-mostarda","20":"pa_couleurs-501-bege-claro","21":"pa_couleurs-515-juta","22":"pa_couleurs-518-taupe","23":"pa_couleurs-520-sepia","24":"pa_couleurs-570-moca","25":"pa_couleurs-580-caramelo","26":"pa_couleurs-610-anis","27":"pa_couleurs-611-cana","28":"pa_couleurs-612-jade","29":"pa_couleurs-637-caqui","30":"pa_couleurs-650-menta","31":"pa_couleurs-670-espinafre","32":"pa_couleurs-708-azul-dragee","33":"pa_couleurs-715-agua-marinha","34":"pa_couleurs-720-ceu","35":"pa_couleurs-760-azul-real","36":"pa_couleurs-850-beringela","37":"pa_couleurs-860-ameixa","38":"pa_couleurs-910-rosa-dragee","39":"pa_couleurs-960-framboesa","40":"pa_groupes-de-couleurs-branco","41":"pa_groupes-de-couleurs-azuis","42":"pa_groupes-de-couleurs-cinzento","43":"pa_groupes-de-couleurs-amarelos","44":"pa_groupes-de-couleurs-castanhos-beges","45":"pa_groupes-de-couleurs-negro","46":"pa_groupes-de-couleurs-laranjas","47":"pa_groupes-de-couleurs-rosas","48":"pa_groupes-de-couleurs-vermelhos","49":"pa_groupes-de-couleurs-verdes","50":"pa_groupes-de-couleurs-violetas","51":"pa_textiles-adaptado-para-exterior","52":"pa_textiles-classificacao-de-reacao-ao-fogo-ignifugo","53":"pa_textiles-lavavel","54":"pa_textiles-ocultante-blackout-e-ou-obscurecedor","55":"pa_textiles-resistente-a-uv","57":"first","58":"instock","59":"shipping-taxable","60":"purchasable","61":"product-type-variable"},"acf":[],"yoast_head":"<!-- This site is optimized with the Yoast SEO plugin v27.3 - https:\/\/yoast.com\/product\/yoast-seo-wordpress\/ -->\n<title>Tecido de oculta\u00e7\u00e3o M1 - Azur Scenic<\/title>\n<meta name=\"robots\" content=\"index, follow, max-snippet:-1, max-image-preview:large, max-video-preview:-1\" \/>\n<link rel=\"canonical\" href=\"https:\/\/www.azur-scenic.com\/pt-pt\/produto\/tecido-de-ocultacao-m1\/\" \/>\n<meta property=\"og:locale\" content=\"pt_PT\" \/>\n<meta property=\"og:type\" content=\"article\" \/>\n<meta property=\"og:title\" content=\"Tecido de oculta\u00e7\u00e3o M1 - Azur Scenic\" \/>\n<meta property=\"og:description\" content=\"Tecido 100% ocultante (blackout) com uma apar\u00eancia particularmente cuidada, com classifica\u00e7\u00e3o M1 rea\u00e7\u00e3o ao fogo (ign\u00edfugo) e dispon\u00edvel numa vasta gama de cores decorativas. Dotado de um revestimento branco off-white, este produto tem propriedades de reflex\u00e3o luminosa e t\u00e9rmica. Al\u00e9m disso, trata-se de um tecido lav\u00e1vel e resistente aos raios UV, por isso pode tamb\u00e9m ser utilizado tanto em interiores como no exterior. Este t\u00eaxtil \u00e9 adequado para a confe\u00e7\u00e3o de cortinas de oculta\u00e7\u00e3o, bem como para o forro de caixilhos ou molduras.    Largura: 280 cm Peso:\u00a0280 g\/m\u00b2   Classifica\u00e7\u00e3o de rea\u00e7\u00e3o ao fogo: M1 Composi\u00e7\u00e3o: 100% PES (com avesso acr\u00edlico floculado branco)    ATEN\u00c7\u00c3O: Este tecido est\u00e1 sujeito a grandes diferen\u00e7as de tonalidade entre produ\u00e7\u00f5es da mesma cor. A Azur Scenic n\u00e3o pode garantir uma correspond\u00eancia entre as cores de v\u00e1rias produ\u00e7\u00f5es e n\u00e3o pode ser responsabilizada em caso de diferen\u00e7a de cor entre a cor entregue e a cor selecionada numa amostra.\" \/>\n<meta property=\"og:url\" content=\"https:\/\/www.azur-scenic.com\/pt-pt\/produto\/tecido-de-ocultacao-m1\/\" \/>\n<meta property=\"og:site_name\" content=\"Azur Scenic\" \/>\n<meta property=\"article:modified_time\" content=\"2024-10-23T12:45:24+00:00\" \/>\n<meta property=\"og:image\" content=\"https:\/\/www.azur-scenic.com\/wp-content\/uploads\/TISSU-OCCULTATION-M1-ARDOISE.jpg\" \/>\n\t<meta property=\"og:image:width\" content=\"1824\" \/>\n\t<meta property=\"og:image:height\" content=\"1824\" \/>\n\t<meta property=\"og:image:type\" content=\"image\/jpeg\" \/>\n<meta name=\"twitter:card\" content=\"summary_large_image\" \/>\n<meta name=\"twitter:label1\" content=\"Tempo estimado de leitura\" \/>\n\t<meta name=\"twitter:data1\" content=\"1 minuto\" \/>\n<script type=\"application\/ld+json\" class=\"yoast-schema-graph\">{\"@context\":\"https:\\\/\\\/schema.org\",\"@graph\":[{\"@type\":\"WebPage\",\"@id\":\"https:\\\/\\\/www.azur-scenic.com\\\/pt-pt\\\/produto\\\/tecido-de-ocultacao-m1\\\/\",\"url\":\"https:\\\/\\\/www.azur-scenic.com\\\/pt-pt\\\/produto\\\/tecido-de-ocultacao-m1\\\/\",\"name\":\"Tecido de oculta\u00e7\u00e3o M1 - Azur Scenic\",\"isPartOf\":{\"@id\":\"https:\\\/\\\/www.azur-scenic.com\\\/pt-pt\\\/#website\"},\"primaryImageOfPage\":{\"@id\":\"https:\\\/\\\/www.azur-scenic.com\\\/pt-pt\\\/produto\\\/tecido-de-ocultacao-m1\\\/#primaryimage\"},\"image\":{\"@id\":\"https:\\\/\\\/www.azur-scenic.com\\\/pt-pt\\\/produto\\\/tecido-de-ocultacao-m1\\\/#primaryimage\"},\"thumbnailUrl\":\"https:\\\/\\\/www.azur-scenic.com\\\/wp-content\\\/uploads\\\/TISSU-OCCULTATION-M1-ARDOISE.jpg\",\"datePublished\":\"2022-10-04T07:28:33+00:00\",\"dateModified\":\"2024-10-23T12:45:24+00:00\",\"breadcrumb\":{\"@id\":\"https:\\\/\\\/www.azur-scenic.com\\\/pt-pt\\\/produto\\\/tecido-de-ocultacao-m1\\\/#breadcrumb\"},\"inLanguage\":\"pt-PT\",\"potentialAction\":[{\"@type\":\"ReadAction\",\"target\":[\"https:\\\/\\\/www.azur-scenic.com\\\/pt-pt\\\/produto\\\/tecido-de-ocultacao-m1\\\/\"]}]},{\"@type\":\"ImageObject\",\"inLanguage\":\"pt-PT\",\"@id\":\"https:\\\/\\\/www.azur-scenic.com\\\/pt-pt\\\/produto\\\/tecido-de-ocultacao-m1\\\/#primaryimage\",\"url\":\"https:\\\/\\\/www.azur-scenic.com\\\/wp-content\\\/uploads\\\/TISSU-OCCULTATION-M1-ARDOISE.jpg\",\"contentUrl\":\"https:\\\/\\\/www.azur-scenic.com\\\/wp-content\\\/uploads\\\/TISSU-OCCULTATION-M1-ARDOISE.jpg\",\"width\":1824,\"height\":1824,\"caption\":\"TISSU OCCULTATION M1 ARDOISE\"},{\"@type\":\"BreadcrumbList\",\"@id\":\"https:\\\/\\\/www.azur-scenic.com\\\/pt-pt\\\/produto\\\/tecido-de-ocultacao-m1\\\/#breadcrumb\",\"itemListElement\":[{\"@type\":\"ListItem\",\"position\":1,\"name\":\"Accueil\",\"item\":\"https:\\\/\\\/www.azur-scenic.com\\\/pt-pt\\\/\"},{\"@type\":\"ListItem\",\"position\":2,\"name\":\"Produits\",\"item\":\"https:\\\/\\\/www.azur-scenic.com\\\/pt-pt\\\/?page_id=21439\"},{\"@type\":\"ListItem\",\"position\":3,\"name\":\"Tecido de oculta\u00e7\u00e3o M1\"}]},{\"@type\":\"WebSite\",\"@id\":\"https:\\\/\\\/www.azur-scenic.com\\\/pt-pt\\\/#website\",\"url\":\"https:\\\/\\\/www.azur-scenic.com\\\/pt-pt\\\/\",\"name\":\"Azur Scenic\",\"description\":\"Sp\u00e9cialiste de l\u2019\u00e9quipement sc\u00e9nique et de la d\u00e9coration int\u00e9rieure et \u00e9v\u00e9nementielle !\",\"publisher\":{\"@id\":\"https:\\\/\\\/www.azur-scenic.com\\\/pt-pt\\\/#organization\"},\"potentialAction\":[{\"@type\":\"SearchAction\",\"target\":{\"@type\":\"EntryPoint\",\"urlTemplate\":\"https:\\\/\\\/www.azur-scenic.com\\\/pt-pt\\\/?s={search_term_string}\"},\"query-input\":{\"@type\":\"PropertyValueSpecification\",\"valueRequired\":true,\"valueName\":\"search_term_string\"}}],\"inLanguage\":\"pt-PT\"},{\"@type\":\"Organization\",\"@id\":\"https:\\\/\\\/www.azur-scenic.com\\\/pt-pt\\\/#organization\",\"name\":\"AZUR SCENIC\",\"url\":\"https:\\\/\\\/www.azur-scenic.com\\\/pt-pt\\\/\",\"logo\":{\"@type\":\"ImageObject\",\"inLanguage\":\"pt-PT\",\"@id\":\"https:\\\/\\\/www.azur-scenic.com\\\/pt-pt\\\/#\\\/schema\\\/logo\\\/image\\\/\",\"url\":\"https:\\\/\\\/www.azur-scenic.com\\\/wp-content\\\/uploads\\\/2022\\\/09\\\/LOGO-AZUR-SCENIC-Fusion-web-236x64-1.jpg\",\"contentUrl\":\"https:\\\/\\\/www.azur-scenic.com\\\/wp-content\\\/uploads\\\/2022\\\/09\\\/LOGO-AZUR-SCENIC-Fusion-web-236x64-1.jpg\",\"width\":236,\"height\":64,\"caption\":\"AZUR SCENIC\"},\"image\":{\"@id\":\"https:\\\/\\\/www.azur-scenic.com\\\/pt-pt\\\/#\\\/schema\\\/logo\\\/image\\\/\"},\"sameAs\":[\"https:\\\/\\\/www.youtube.com\\\/channel\\\/UCPWM2mGPVUt4nYhNlm71WOA\",\"https:\\\/\\\/www.linkedin.com\\\/company\\\/33237605\\\/admin\\\/feed\\\/posts\\\/\"]}]}<\/script>\n<!-- \/ Yoast SEO plugin. -->","yoast_head_json":{"title":"Tecido de oculta\u00e7\u00e3o M1 - Azur Scenic","robots":{"index":"index","follow":"follow","max-snippet":"max-snippet:-1","max-image-preview":"max-image-preview:large","max-video-preview":"max-video-preview:-1"},"canonical":"https:\/\/www.azur-scenic.com\/pt-pt\/produto\/tecido-de-ocultacao-m1\/","og_locale":"pt_PT","og_type":"article","og_title":"Tecido de oculta\u00e7\u00e3o M1 - Azur Scenic","og_description":"Tecido 100% ocultante (blackout) com uma apar\u00eancia particularmente cuidada, com classifica\u00e7\u00e3o M1 rea\u00e7\u00e3o ao fogo (ign\u00edfugo) e dispon\u00edvel numa vasta gama de cores decorativas. Dotado de um revestimento branco off-white, este produto tem propriedades de reflex\u00e3o luminosa e t\u00e9rmica. Al\u00e9m disso, trata-se de um tecido lav\u00e1vel e resistente aos raios UV, por isso pode tamb\u00e9m ser utilizado tanto em interiores como no exterior. Este t\u00eaxtil \u00e9 adequado para a confe\u00e7\u00e3o de cortinas de oculta\u00e7\u00e3o, bem como para o forro de caixilhos ou molduras.    Largura: 280 cm Peso:\u00a0280 g\/m\u00b2   Classifica\u00e7\u00e3o de rea\u00e7\u00e3o ao fogo: M1 Composi\u00e7\u00e3o: 100% PES (com avesso acr\u00edlico floculado branco)    ATEN\u00c7\u00c3O: Este tecido est\u00e1 sujeito a grandes diferen\u00e7as de tonalidade entre produ\u00e7\u00f5es da mesma cor. A Azur Scenic n\u00e3o pode garantir uma correspond\u00eancia entre as cores de v\u00e1rias produ\u00e7\u00f5es e n\u00e3o pode ser responsabilizada em caso de diferen\u00e7a de cor entre a cor entregue e a cor selecionada numa amostra.","og_url":"https:\/\/www.azur-scenic.com\/pt-pt\/produto\/tecido-de-ocultacao-m1\/","og_site_name":"Azur Scenic","article_modified_time":"2024-10-23T12:45:24+00:00","og_image":[{"width":1824,"height":1824,"url":"https:\/\/www.azur-scenic.com\/wp-content\/uploads\/TISSU-OCCULTATION-M1-ARDOISE.jpg","type":"image\/jpeg"}],"twitter_card":"summary_large_image","twitter_misc":{"Tempo estimado de leitura":"1 minuto"},"schema":{"@context":"https:\/\/schema.org","@graph":[{"@type":"WebPage","@id":"https:\/\/www.azur-scenic.com\/pt-pt\/produto\/tecido-de-ocultacao-m1\/","url":"https:\/\/www.azur-scenic.com\/pt-pt\/produto\/tecido-de-ocultacao-m1\/","name":"Tecido de oculta\u00e7\u00e3o M1 - Azur Scenic","isPartOf":{"@id":"https:\/\/www.azur-scenic.com\/pt-pt\/#website"},"primaryImageOfPage":{"@id":"https:\/\/www.azur-scenic.com\/pt-pt\/produto\/tecido-de-ocultacao-m1\/#primaryimage"},"image":{"@id":"https:\/\/www.azur-scenic.com\/pt-pt\/produto\/tecido-de-ocultacao-m1\/#primaryimage"},"thumbnailUrl":"https:\/\/www.azur-scenic.com\/wp-content\/uploads\/TISSU-OCCULTATION-M1-ARDOISE.jpg","datePublished":"2022-10-04T07:28:33+00:00","dateModified":"2024-10-23T12:45:24+00:00","breadcrumb":{"@id":"https:\/\/www.azur-scenic.com\/pt-pt\/produto\/tecido-de-ocultacao-m1\/#breadcrumb"},"inLanguage":"pt-PT","potentialAction":[{"@type":"ReadAction","target":["https:\/\/www.azur-scenic.com\/pt-pt\/produto\/tecido-de-ocultacao-m1\/"]}]},{"@type":"ImageObject","inLanguage":"pt-PT","@id":"https:\/\/www.azur-scenic.com\/pt-pt\/produto\/tecido-de-ocultacao-m1\/#primaryimage","url":"https:\/\/www.azur-scenic.com\/wp-content\/uploads\/TISSU-OCCULTATION-M1-ARDOISE.jpg","contentUrl":"https:\/\/www.azur-scenic.com\/wp-content\/uploads\/TISSU-OCCULTATION-M1-ARDOISE.jpg","width":1824,"height":1824,"caption":"TISSU OCCULTATION M1 ARDOISE"},{"@type":"BreadcrumbList","@id":"https:\/\/www.azur-scenic.com\/pt-pt\/produto\/tecido-de-ocultacao-m1\/#breadcrumb","itemListElement":[{"@type":"ListItem","position":1,"name":"Accueil","item":"https:\/\/www.azur-scenic.com\/pt-pt\/"},{"@type":"ListItem","position":2,"name":"Produits","item":"https:\/\/www.azur-scenic.com\/pt-pt\/?page_id=21439"},{"@type":"ListItem","position":3,"name":"Tecido de oculta\u00e7\u00e3o M1"}]},{"@type":"WebSite","@id":"https:\/\/www.azur-scenic.com\/pt-pt\/#website","url":"https:\/\/www.azur-scenic.com\/pt-pt\/","name":"Azur Scenic","description":"Sp\u00e9cialiste de l\u2019\u00e9quipement sc\u00e9nique et de la d\u00e9coration int\u00e9rieure et \u00e9v\u00e9nementielle !","publisher":{"@id":"https:\/\/www.azur-scenic.com\/pt-pt\/#organization"},"potentialAction":[{"@type":"SearchAction","target":{"@type":"EntryPoint","urlTemplate":"https:\/\/www.azur-scenic.com\/pt-pt\/?s={search_term_string}"},"query-input":{"@type":"PropertyValueSpecification","valueRequired":true,"valueName":"search_term_string"}}],"inLanguage":"pt-PT"},{"@type":"Organization","@id":"https:\/\/www.azur-scenic.com\/pt-pt\/#organization","name":"AZUR SCENIC","url":"https:\/\/www.azur-scenic.com\/pt-pt\/","logo":{"@type":"ImageObject","inLanguage":"pt-PT","@id":"https:\/\/www.azur-scenic.com\/pt-pt\/#\/schema\/logo\/image\/","url":"https:\/\/www.azur-scenic.com\/wp-content\/uploads\/2022\/09\/LOGO-AZUR-SCENIC-Fusion-web-236x64-1.jpg","contentUrl":"https:\/\/www.azur-scenic.com\/wp-content\/uploads\/2022\/09\/LOGO-AZUR-SCENIC-Fusion-web-236x64-1.jpg","width":236,"height":64,"caption":"AZUR SCENIC"},"image":{"@id":"https:\/\/www.azur-scenic.com\/pt-pt\/#\/schema\/logo\/image\/"},"sameAs":["https:\/\/www.youtube.com\/channel\/UCPWM2mGPVUt4nYhNlm71WOA","https:\/\/www.linkedin.com\/company\/33237605\/admin\/feed\/posts\/"]}]}},"_links":{"self":[{"href":"https:\/\/www.azur-scenic.com\/pt-pt\/wp-json\/wp\/v2\/product\/17229","targetHints":{"allow":["GET"]}}],"collection":[{"href":"https:\/\/www.azur-scenic.com\/pt-pt\/wp-json\/wp\/v2\/product"}],"about":[{"href":"https:\/\/www.azur-scenic.com\/pt-pt\/wp-json\/wp\/v2\/types\/product"}],"wp:featuredmedia":[{"embeddable":true,"href":"https:\/\/www.azur-scenic.com\/pt-pt\/wp-json\/wp\/v2\/media\/14614"}],"wp:attachment":[{"href":"https:\/\/www.azur-scenic.com\/pt-pt\/wp-json\/wp\/v2\/media?parent=17229"}],"wp:term":[{"taxonomy":"product_brand","embeddable":true,"href":"https:\/\/www.azur-scenic.com\/pt-pt\/wp-json\/wp\/v2\/product_brand?post=17229"},{"taxonomy":"product_cat","embeddable":true,"href":"https:\/\/www.azur-scenic.com\/pt-pt\/wp-json\/wp\/v2\/product_cat?post=17229"},{"taxonomy":"product_tag","embeddable":true,"href":"https:\/\/www.azur-scenic.com\/pt-pt\/wp-json\/wp\/v2\/product_tag?post=17229"}],"curies":[{"name":"wp","href":"https:\/\/api.w.org\/{rel}","templated":true}]}}