{"id":17769,"date":"2022-10-04T07:27:24","date_gmt":"2022-10-04T07:27:24","guid":{"rendered":"https:\/\/www.azur-scenic.com\/produit\/tulle-metallic\/"},"modified":"2023-08-02T13:21:31","modified_gmt":"2023-08-02T13:21:31","slug":"tule-metalico","status":"publish","type":"product","link":"https:\/\/www.azur-scenic.com\/pt-pt\/produto\/tule-metalico\/","title":{"rendered":"Tule Met\u00e1lico"},"content":{"rendered":"<table style=\"width: 517px;\">\n<thead>\n<tr>\n<th style=\"width: 170px;\">Dados t\u00e9cnicos<\/th>\n<th style=\"width: 107px;\">Valor<\/th>\n<th style=\"width: 217px;\">Coment\u00e1rio<\/th>\n<\/tr>\n<\/thead>\n<tbody>\n<tr>\n<td style=\"vertical-align: top;\">Largura<\/td>\n<td style=\"vertical-align: top; width: 107px;\">410 cm<\/td>\n<td style=\"vertical-align: top; width: 217px;\">\u00a0<\/td>\n<\/tr>\n<tr>\n<td style=\"vertical-align: top;\">Peso<\/td>\n<td style=\"vertical-align: top; width: 107px;\">60 g\/m\u00b2<\/td>\n<td style=\"vertical-align: top; width: 217px;\">\u00a0<\/td>\n<\/tr>\n<tr>\n<td style=\"vertical-align: top;\">Espessura<\/td>\n<td style=\"vertical-align: top; width: 107px;\">0,50 mm<\/td>\n<td style=\"vertical-align: top; width: 217px;\">\u00a0<\/td>\n<\/tr>\n<tr>\n<td style=\"vertical-align: top;\">Classifica\u00e7\u00e3o de rea\u00e7\u00e3o ao fogo<\/td>\n<td style=\"vertical-align: top; width: 107px;\"><img decoding=\"async\" style=\"height: 20px; width: 20px;\" src=\"https:\/\/www.azur-scenic.com\/wp-content\/uploads\/icon-flag-europe.png\" \/> B-s1,d0<\/td>\n<td style=\"vertical-align: top; width: 217px;\">Norma: UNI EN 13501-1<\/td>\n<\/tr>\n<tr>\n<td style=\"vertical-align: top;\">Composi\u00e7\u00e3o<\/td>\n<td style=\"vertical-align: top; width: 328px;\" colspan=\"2\" rowspan=\"1\">100% Trevira CS<\/td>\n<\/tr>\n<tr>\n<td style=\"vertical-align: top;\">Comprimento do rolo<\/td>\n<td style=\"vertical-align: top; width: 107px;\">50 m<\/td>\n<td style=\"vertical-align: top; width: 217px;\">Rolo de largura completa<br \/>\nPossibilidade de venda a retalho: Sim, (m\u00ednimo 5 m lineares)<\/td>\n<\/tr>\n<\/tbody>\n<\/table>\n","protected":false},"excerpt":{"rendered":"<p>Um t\u00eaxtil <span style=\"color: #f88523;\"><strong>ligeiro<\/strong><\/span> com uma apar\u00eancia <strong><span style=\"color: #f88523;\">met\u00e1lica prateada<\/span><\/strong>, classificado como <span style=\"color: #f88523;\"><strong>n\u00e3o inflam\u00e1vel B-s1,d0<\/strong><\/span> de rea\u00e7\u00e3o ao fogo (ign\u00edfugo), com uma interessante <span style=\"color: #f88523;\"><strong>elasticidade longitudinal<\/strong><\/span>.<\/p>\n<p>O seu aspeto &#8220;cota de malha&#8221; torna-o um tecido de <span style=\"color: #f88523;\"><strong>decora\u00e7\u00e3o<\/strong><\/span> ideal para equipar <span style=\"color: #f88523;\"><strong>cortinas<\/strong><\/span> num estilo design industrial contempor\u00e2neo.<br \/>\nOusa tamb\u00e9m utilizar configura\u00e7\u00f5es avan\u00e7adas de pontos de luz para tirar o m\u00e1ximo partido da natureza t\u00e9cnica deste v\u00e9u: explorar a sua <span style=\"color: #f88523;\"><strong>transpar\u00eancia<\/strong><\/span> ou criar paredes <span style=\"color: #f88523;\"><strong>opacas<\/strong><\/span> com um aspeto metalizado. Pode tamb\u00e9m ser utilizado nas cenografias mais criativas como um suporte inesperado para <span style=\"color: #f88523;\"><strong>proje\u00e7\u00e3o<\/strong><\/span> ou <span style=\"color: #f88523;\"><strong>retroproje\u00e7\u00e3o<\/strong><\/span>.<\/p>\n<p>100% <span style=\"color: #f88523;\"><strong>Trevira CS<\/strong><\/span>, este tecido <strong><span style=\"color: #f88523;\">lav\u00e1vel<\/span><\/strong> est\u00e1 adaptado quer para utiliza\u00e7\u00e3o no interior como no <span style=\"color: #f88523;\"><strong>exterior<\/strong><\/span>.<\/p>\n<table class=\"table\">\n<tbody>\n<tr>\n<td><strong>Largura<\/strong>: 410 cm<\/td>\n<td><strong>Peso<\/strong>: 60 g\/m\u00b2<\/td>\n<\/tr>\n<tr>\n<td><strong>Classifica\u00e7\u00e3o de rea\u00e7\u00e3o ao fogo<\/strong>: \u00a0<img decoding=\"async\" style=\"height: 20px; width: 20px;\" src=\"https:\/\/www.azur-scenic.com\/wp-content\/uploads\/icon-flag-europe.png\" \/> B-s1,d0<\/td>\n<td><strong>Composi\u00e7\u00e3o<\/strong>: 100% Trevira CS<\/td>\n<\/tr>\n<\/tbody>\n<\/table>\n","protected":false},"featured_media":13917,"template":"","meta":{"_acf_changed":false},"product_brand":[],"product_cat":[921,916,1134,1359,1343,1357,1340,1358,989],"product_tag":[],"class_list":{"0":"post-17769","1":"product","2":"type-product","3":"status-publish","4":"has-post-thumbnail","6":"product_cat-todos-os-produtos","7":"product_cat-texteis-cenicos-e-para-eventos","8":"product_cat-tules","9":"product_cat-extensiveis","10":"product_cat-veus-e-tecidos-leves","11":"product_cat-veus","12":"product_cat-telas-extraleves","13":"product_cat-tecidos-metalizados","14":"product_cat-decoracao","15":"pa_couleurs-089-prateado-escuro","16":"pa_groupes-de-couleurs-diversos","17":"pa_textiles-adaptado-para-exterior","18":"pa_textiles-brilhantes-lacados-e-metalicos","19":"pa_textiles-classificacao-de-reacao-ao-fogo-ignifugo","20":"pa_textiles-efeitos-especiais","21":"pa_textiles-extensivel","22":"pa_textiles-lavavel","23":"pa_textiles-projecao-frontal","24":"pa_textiles-retroprojecao","25":"pa_textiles-transparentes-e-translucidos","26":"pa_textiles-trevira-cs","28":"first","29":"instock","30":"shipping-taxable","31":"purchasable","32":"product-type-simple"},"acf":[],"yoast_head":"<!-- This site is optimized with the Yoast SEO plugin v27.3 - https:\/\/yoast.com\/product\/yoast-seo-wordpress\/ -->\n<title>Tule Met\u00e1lico - Azur Scenic<\/title>\n<meta name=\"robots\" content=\"index, follow, max-snippet:-1, max-image-preview:large, max-video-preview:-1\" \/>\n<link rel=\"canonical\" href=\"https:\/\/www.azur-scenic.com\/pt-pt\/produto\/tule-metalico\/\" \/>\n<meta property=\"og:locale\" content=\"pt_PT\" \/>\n<meta property=\"og:type\" content=\"article\" \/>\n<meta property=\"og:title\" content=\"Tule Met\u00e1lico - Azur Scenic\" \/>\n<meta property=\"og:description\" content=\"Um t\u00eaxtil ligeiro com uma apar\u00eancia met\u00e1lica prateada, classificado como n\u00e3o inflam\u00e1vel B-s1,d0 de rea\u00e7\u00e3o ao fogo (ign\u00edfugo), com uma interessante elasticidade longitudinal. O seu aspeto &quot;cota de malha&quot; torna-o um tecido de decora\u00e7\u00e3o ideal para equipar cortinas num estilo design industrial contempor\u00e2neo. Ousa tamb\u00e9m utilizar configura\u00e7\u00f5es avan\u00e7adas de pontos de luz para tirar o m\u00e1ximo partido da natureza t\u00e9cnica deste v\u00e9u: explorar a sua transpar\u00eancia ou criar paredes opacas com um aspeto metalizado. Pode tamb\u00e9m ser utilizado nas cenografias mais criativas como um suporte inesperado para proje\u00e7\u00e3o ou retroproje\u00e7\u00e3o. 100% Trevira CS, este tecido lav\u00e1vel est\u00e1 adaptado quer para utiliza\u00e7\u00e3o no interior como no exterior.  Largura: 410 cm Peso: 60 g\/m\u00b2  Classifica\u00e7\u00e3o de rea\u00e7\u00e3o ao fogo: \u00a0 B-s1,d0 Composi\u00e7\u00e3o: 100% Trevira CS\" \/>\n<meta property=\"og:url\" content=\"https:\/\/www.azur-scenic.com\/pt-pt\/produto\/tule-metalico\/\" \/>\n<meta property=\"og:site_name\" content=\"Azur Scenic\" \/>\n<meta property=\"article:modified_time\" content=\"2023-08-02T13:21:31+00:00\" \/>\n<meta property=\"og:image\" content=\"https:\/\/www.azur-scenic.com\/wp-content\/uploads\/METALLIC-scaled.jpg\" \/>\n\t<meta property=\"og:image:width\" content=\"2560\" \/>\n\t<meta property=\"og:image:height\" content=\"2560\" \/>\n\t<meta property=\"og:image:type\" content=\"image\/jpeg\" \/>\n<meta name=\"twitter:card\" content=\"summary_large_image\" \/>\n<script type=\"application\/ld+json\" class=\"yoast-schema-graph\">{\"@context\":\"https:\\\/\\\/schema.org\",\"@graph\":[{\"@type\":\"WebPage\",\"@id\":\"https:\\\/\\\/www.azur-scenic.com\\\/pt-pt\\\/produto\\\/tule-metalico\\\/\",\"url\":\"https:\\\/\\\/www.azur-scenic.com\\\/pt-pt\\\/produto\\\/tule-metalico\\\/\",\"name\":\"Tule Met\u00e1lico - Azur Scenic\",\"isPartOf\":{\"@id\":\"https:\\\/\\\/www.azur-scenic.com\\\/pt-pt\\\/#website\"},\"primaryImageOfPage\":{\"@id\":\"https:\\\/\\\/www.azur-scenic.com\\\/pt-pt\\\/produto\\\/tule-metalico\\\/#primaryimage\"},\"image\":{\"@id\":\"https:\\\/\\\/www.azur-scenic.com\\\/pt-pt\\\/produto\\\/tule-metalico\\\/#primaryimage\"},\"thumbnailUrl\":\"https:\\\/\\\/www.azur-scenic.com\\\/wp-content\\\/uploads\\\/METALLIC-scaled.jpg\",\"datePublished\":\"2022-10-04T07:27:24+00:00\",\"dateModified\":\"2023-08-02T13:21:31+00:00\",\"breadcrumb\":{\"@id\":\"https:\\\/\\\/www.azur-scenic.com\\\/pt-pt\\\/produto\\\/tule-metalico\\\/#breadcrumb\"},\"inLanguage\":\"pt-PT\",\"potentialAction\":[{\"@type\":\"ReadAction\",\"target\":[\"https:\\\/\\\/www.azur-scenic.com\\\/pt-pt\\\/produto\\\/tule-metalico\\\/\"]}]},{\"@type\":\"ImageObject\",\"inLanguage\":\"pt-PT\",\"@id\":\"https:\\\/\\\/www.azur-scenic.com\\\/pt-pt\\\/produto\\\/tule-metalico\\\/#primaryimage\",\"url\":\"https:\\\/\\\/www.azur-scenic.com\\\/wp-content\\\/uploads\\\/METALLIC-scaled.jpg\",\"contentUrl\":\"https:\\\/\\\/www.azur-scenic.com\\\/wp-content\\\/uploads\\\/METALLIC-scaled.jpg\",\"width\":2560,\"height\":2560,\"caption\":\"TULLE METALLIC\"},{\"@type\":\"BreadcrumbList\",\"@id\":\"https:\\\/\\\/www.azur-scenic.com\\\/pt-pt\\\/produto\\\/tule-metalico\\\/#breadcrumb\",\"itemListElement\":[{\"@type\":\"ListItem\",\"position\":1,\"name\":\"Accueil\",\"item\":\"https:\\\/\\\/www.azur-scenic.com\\\/pt-pt\\\/\"},{\"@type\":\"ListItem\",\"position\":2,\"name\":\"Produits\",\"item\":\"https:\\\/\\\/www.azur-scenic.com\\\/pt-pt\\\/?page_id=21439\"},{\"@type\":\"ListItem\",\"position\":3,\"name\":\"Tule Met\u00e1lico\"}]},{\"@type\":\"WebSite\",\"@id\":\"https:\\\/\\\/www.azur-scenic.com\\\/pt-pt\\\/#website\",\"url\":\"https:\\\/\\\/www.azur-scenic.com\\\/pt-pt\\\/\",\"name\":\"Azur Scenic\",\"description\":\"Sp\u00e9cialiste de l\u2019\u00e9quipement sc\u00e9nique et de la d\u00e9coration int\u00e9rieure et \u00e9v\u00e9nementielle !\",\"publisher\":{\"@id\":\"https:\\\/\\\/www.azur-scenic.com\\\/pt-pt\\\/#organization\"},\"potentialAction\":[{\"@type\":\"SearchAction\",\"target\":{\"@type\":\"EntryPoint\",\"urlTemplate\":\"https:\\\/\\\/www.azur-scenic.com\\\/pt-pt\\\/?s={search_term_string}\"},\"query-input\":{\"@type\":\"PropertyValueSpecification\",\"valueRequired\":true,\"valueName\":\"search_term_string\"}}],\"inLanguage\":\"pt-PT\"},{\"@type\":\"Organization\",\"@id\":\"https:\\\/\\\/www.azur-scenic.com\\\/pt-pt\\\/#organization\",\"name\":\"AZUR SCENIC\",\"url\":\"https:\\\/\\\/www.azur-scenic.com\\\/pt-pt\\\/\",\"logo\":{\"@type\":\"ImageObject\",\"inLanguage\":\"pt-PT\",\"@id\":\"https:\\\/\\\/www.azur-scenic.com\\\/pt-pt\\\/#\\\/schema\\\/logo\\\/image\\\/\",\"url\":\"https:\\\/\\\/www.azur-scenic.com\\\/wp-content\\\/uploads\\\/2022\\\/09\\\/LOGO-AZUR-SCENIC-Fusion-web-236x64-1.jpg\",\"contentUrl\":\"https:\\\/\\\/www.azur-scenic.com\\\/wp-content\\\/uploads\\\/2022\\\/09\\\/LOGO-AZUR-SCENIC-Fusion-web-236x64-1.jpg\",\"width\":236,\"height\":64,\"caption\":\"AZUR SCENIC\"},\"image\":{\"@id\":\"https:\\\/\\\/www.azur-scenic.com\\\/pt-pt\\\/#\\\/schema\\\/logo\\\/image\\\/\"},\"sameAs\":[\"https:\\\/\\\/www.youtube.com\\\/channel\\\/UCPWM2mGPVUt4nYhNlm71WOA\",\"https:\\\/\\\/www.linkedin.com\\\/company\\\/33237605\\\/admin\\\/feed\\\/posts\\\/\"]}]}<\/script>\n<!-- \/ Yoast SEO plugin. -->","yoast_head_json":{"title":"Tule Met\u00e1lico - Azur Scenic","robots":{"index":"index","follow":"follow","max-snippet":"max-snippet:-1","max-image-preview":"max-image-preview:large","max-video-preview":"max-video-preview:-1"},"canonical":"https:\/\/www.azur-scenic.com\/pt-pt\/produto\/tule-metalico\/","og_locale":"pt_PT","og_type":"article","og_title":"Tule Met\u00e1lico - Azur Scenic","og_description":"Um t\u00eaxtil ligeiro com uma apar\u00eancia met\u00e1lica prateada, classificado como n\u00e3o inflam\u00e1vel B-s1,d0 de rea\u00e7\u00e3o ao fogo (ign\u00edfugo), com uma interessante elasticidade longitudinal. O seu aspeto \"cota de malha\" torna-o um tecido de decora\u00e7\u00e3o ideal para equipar cortinas num estilo design industrial contempor\u00e2neo. Ousa tamb\u00e9m utilizar configura\u00e7\u00f5es avan\u00e7adas de pontos de luz para tirar o m\u00e1ximo partido da natureza t\u00e9cnica deste v\u00e9u: explorar a sua transpar\u00eancia ou criar paredes opacas com um aspeto metalizado. Pode tamb\u00e9m ser utilizado nas cenografias mais criativas como um suporte inesperado para proje\u00e7\u00e3o ou retroproje\u00e7\u00e3o. 100% Trevira CS, este tecido lav\u00e1vel est\u00e1 adaptado quer para utiliza\u00e7\u00e3o no interior como no exterior.  Largura: 410 cm Peso: 60 g\/m\u00b2  Classifica\u00e7\u00e3o de rea\u00e7\u00e3o ao fogo: \u00a0 B-s1,d0 Composi\u00e7\u00e3o: 100% Trevira CS","og_url":"https:\/\/www.azur-scenic.com\/pt-pt\/produto\/tule-metalico\/","og_site_name":"Azur Scenic","article_modified_time":"2023-08-02T13:21:31+00:00","og_image":[{"width":2560,"height":2560,"url":"https:\/\/www.azur-scenic.com\/wp-content\/uploads\/METALLIC-scaled.jpg","type":"image\/jpeg"}],"twitter_card":"summary_large_image","schema":{"@context":"https:\/\/schema.org","@graph":[{"@type":"WebPage","@id":"https:\/\/www.azur-scenic.com\/pt-pt\/produto\/tule-metalico\/","url":"https:\/\/www.azur-scenic.com\/pt-pt\/produto\/tule-metalico\/","name":"Tule Met\u00e1lico - Azur Scenic","isPartOf":{"@id":"https:\/\/www.azur-scenic.com\/pt-pt\/#website"},"primaryImageOfPage":{"@id":"https:\/\/www.azur-scenic.com\/pt-pt\/produto\/tule-metalico\/#primaryimage"},"image":{"@id":"https:\/\/www.azur-scenic.com\/pt-pt\/produto\/tule-metalico\/#primaryimage"},"thumbnailUrl":"https:\/\/www.azur-scenic.com\/wp-content\/uploads\/METALLIC-scaled.jpg","datePublished":"2022-10-04T07:27:24+00:00","dateModified":"2023-08-02T13:21:31+00:00","breadcrumb":{"@id":"https:\/\/www.azur-scenic.com\/pt-pt\/produto\/tule-metalico\/#breadcrumb"},"inLanguage":"pt-PT","potentialAction":[{"@type":"ReadAction","target":["https:\/\/www.azur-scenic.com\/pt-pt\/produto\/tule-metalico\/"]}]},{"@type":"ImageObject","inLanguage":"pt-PT","@id":"https:\/\/www.azur-scenic.com\/pt-pt\/produto\/tule-metalico\/#primaryimage","url":"https:\/\/www.azur-scenic.com\/wp-content\/uploads\/METALLIC-scaled.jpg","contentUrl":"https:\/\/www.azur-scenic.com\/wp-content\/uploads\/METALLIC-scaled.jpg","width":2560,"height":2560,"caption":"TULLE METALLIC"},{"@type":"BreadcrumbList","@id":"https:\/\/www.azur-scenic.com\/pt-pt\/produto\/tule-metalico\/#breadcrumb","itemListElement":[{"@type":"ListItem","position":1,"name":"Accueil","item":"https:\/\/www.azur-scenic.com\/pt-pt\/"},{"@type":"ListItem","position":2,"name":"Produits","item":"https:\/\/www.azur-scenic.com\/pt-pt\/?page_id=21439"},{"@type":"ListItem","position":3,"name":"Tule Met\u00e1lico"}]},{"@type":"WebSite","@id":"https:\/\/www.azur-scenic.com\/pt-pt\/#website","url":"https:\/\/www.azur-scenic.com\/pt-pt\/","name":"Azur Scenic","description":"Sp\u00e9cialiste de l\u2019\u00e9quipement sc\u00e9nique et de la d\u00e9coration int\u00e9rieure et \u00e9v\u00e9nementielle !","publisher":{"@id":"https:\/\/www.azur-scenic.com\/pt-pt\/#organization"},"potentialAction":[{"@type":"SearchAction","target":{"@type":"EntryPoint","urlTemplate":"https:\/\/www.azur-scenic.com\/pt-pt\/?s={search_term_string}"},"query-input":{"@type":"PropertyValueSpecification","valueRequired":true,"valueName":"search_term_string"}}],"inLanguage":"pt-PT"},{"@type":"Organization","@id":"https:\/\/www.azur-scenic.com\/pt-pt\/#organization","name":"AZUR SCENIC","url":"https:\/\/www.azur-scenic.com\/pt-pt\/","logo":{"@type":"ImageObject","inLanguage":"pt-PT","@id":"https:\/\/www.azur-scenic.com\/pt-pt\/#\/schema\/logo\/image\/","url":"https:\/\/www.azur-scenic.com\/wp-content\/uploads\/2022\/09\/LOGO-AZUR-SCENIC-Fusion-web-236x64-1.jpg","contentUrl":"https:\/\/www.azur-scenic.com\/wp-content\/uploads\/2022\/09\/LOGO-AZUR-SCENIC-Fusion-web-236x64-1.jpg","width":236,"height":64,"caption":"AZUR SCENIC"},"image":{"@id":"https:\/\/www.azur-scenic.com\/pt-pt\/#\/schema\/logo\/image\/"},"sameAs":["https:\/\/www.youtube.com\/channel\/UCPWM2mGPVUt4nYhNlm71WOA","https:\/\/www.linkedin.com\/company\/33237605\/admin\/feed\/posts\/"]}]}},"_links":{"self":[{"href":"https:\/\/www.azur-scenic.com\/pt-pt\/wp-json\/wp\/v2\/product\/17769","targetHints":{"allow":["GET"]}}],"collection":[{"href":"https:\/\/www.azur-scenic.com\/pt-pt\/wp-json\/wp\/v2\/product"}],"about":[{"href":"https:\/\/www.azur-scenic.com\/pt-pt\/wp-json\/wp\/v2\/types\/product"}],"wp:featuredmedia":[{"embeddable":true,"href":"https:\/\/www.azur-scenic.com\/pt-pt\/wp-json\/wp\/v2\/media\/13917"}],"wp:attachment":[{"href":"https:\/\/www.azur-scenic.com\/pt-pt\/wp-json\/wp\/v2\/media?parent=17769"}],"wp:term":[{"taxonomy":"product_brand","embeddable":true,"href":"https:\/\/www.azur-scenic.com\/pt-pt\/wp-json\/wp\/v2\/product_brand?post=17769"},{"taxonomy":"product_cat","embeddable":true,"href":"https:\/\/www.azur-scenic.com\/pt-pt\/wp-json\/wp\/v2\/product_cat?post=17769"},{"taxonomy":"product_tag","embeddable":true,"href":"https:\/\/www.azur-scenic.com\/pt-pt\/wp-json\/wp\/v2\/product_tag?post=17769"}],"curies":[{"name":"wp","href":"https:\/\/api.w.org\/{rel}","templated":true}]}}