{"id":18916,"date":"2022-10-04T07:25:40","date_gmt":"2022-10-04T07:25:40","guid":{"rendered":"https:\/\/www.azur-scenic.com\/produit\/toile-nocturne\/"},"modified":"2023-08-02T13:23:36","modified_gmt":"2023-08-02T13:23:36","slug":"tela-nocturne","status":"publish","type":"product","link":"https:\/\/www.azur-scenic.com\/pt-pt\/produto\/tela-nocturne\/","title":{"rendered":"Tela Nocturne"},"content":{"rendered":"<table>\n<thead>\n<tr>\n<th style=\"width: 183px;\">Dados t\u00e9cnicos<\/th>\n<th style=\"width: 113px;\">Valor<\/th>\n<th style=\"width: 232px;\">Coment\u00e1rio<\/th>\n<\/tr>\n<\/thead>\n<tbody>\n<tr>\n<td style=\"vertical-align: top; width: 183px;\">Largura<\/td>\n<td style=\"vertical-align: top; width: 113px;\">200 cm<\/td>\n<td style=\"vertical-align: top; width: 232px;\">\u00a0<\/td>\n<\/tr>\n<tr>\n<td style=\"vertical-align: top; width: 183px;\">Peso<\/td>\n<td style=\"vertical-align: top; width: 113px;\">270 g\/m\u00b2<\/td>\n<td style=\"vertical-align: top; width: 232px;\">\u00a0<\/td>\n<\/tr>\n<tr>\n<td style=\"vertical-align: top; width: 183px;\">Espessura<\/td>\n<td style=\"vertical-align: top; width: 113px;\">0,41 mm<\/td>\n<td style=\"vertical-align: top; width: 232px;\">\u00a0<\/td>\n<\/tr>\n<tr>\n<td style=\"vertical-align: top; width: 183px;\">Classifica\u00e7\u00e3o de rea\u00e7\u00e3o ao fogo<\/td>\n<td style=\"vertical-align: top; width: 113px;\"><img decoding=\"async\" style=\"height: 20px; width: 20px;\" src=\"https:\/\/www.azur-scenic.com\/wp-content\/uploads\/csm_icon-flag-france_3304e5e3f9.png\" \/> M1<\/td>\n<td style=\"vertical-align: top; width: 232px;\">Norma: NF P 92-503-507<\/td>\n<\/tr>\n<tr>\n<td style=\"vertical-align: top; width: 183px;\">Composi\u00e7\u00e3o<\/td>\n<td style=\"vertical-align: top; width: 350px;\" colspan=\"2\">100% Poli\u00e9ster + revestimento acr\u00edlico no verso<\/td>\n<\/tr>\n<tr>\n<td style=\"vertical-align: top; width: 183px;\">Comprimento do rolo<\/td>\n<td style=\"vertical-align: top; width: 113px;\">Aprox. 50 m<br \/>\nRolo de largura completa<\/td>\n<td style=\"vertical-align: top; width: 232px;\">Pe\u00e7as n\u00e3o calibradas, metragem das pe\u00e7as vari\u00e1vel<br \/>\nPossibilidade de venda a retalho<\/td>\n<\/tr>\n<tr>\n<td style=\"vertical-align: top; width: 183px;\">Resist\u00eancia \u00e0 rutura<\/td>\n<td style=\"vertical-align: top; width: 113px;\">Corrente: 42 daN<br \/>\nTrama: 64 daN<\/td>\n<td style=\"vertical-align: top; width: 232px;\">Norma: ISO 13934-1<\/td>\n<\/tr>\n<tr>\n<td style=\"vertical-align: top; width: 183px;\">Alongamento de rutura<\/td>\n<td style=\"vertical-align: top; width: 113px;\">Corrente: 38 mm<br \/>\nTrama: 27 mm<\/td>\n<td style=\"vertical-align: top; width: 232px;\">Norma: ISO 13934-1<\/td>\n<\/tr>\n<tr>\n<td style=\"vertical-align: top; width: 183px;\">Estabilidade dimensional<\/td>\n<td style=\"vertical-align: top; width: 113px;\">Corrente: 0%<br \/>\nTrama: 0%<\/td>\n<td style=\"vertical-align: top; width: 232px;\">\u00a0<\/td>\n<\/tr>\n<tr>\n<td style=\"vertical-align: top; width: 183px;\">Resist\u00eancia solidez luminosa \/ UV<\/td>\n<td style=\"vertical-align: top; width: 113px;\">5 Classe \/ 8<\/td>\n<td style=\"vertical-align: top; width: 232px;\">Norma: Iso 105 B02<\/td>\n<\/tr>\n<tr>\n<td style=\"vertical-align: top; width: 183px;\">LUZ<br \/>\nReflex\u00e3o luminosa<br \/>\nAbsor\u00e7\u00e3o luminosa<br \/>\nTransmiss\u00e3o luminosa<\/td>\n<td style=\"vertical-align: top; width: 113px;\">5%<br \/>\n95%<br \/>\n0%<\/td>\n<td style=\"vertical-align: top; width: 232px;\">Norma: DIN EN 410 2011<\/td>\n<\/tr>\n<tr>\n<td style=\"vertical-align: top; width: 183px;\">SOLAR<br \/>\nReflex\u00e3o solar<br \/>\nAbsor\u00e7\u00e3o solar<br \/>\nTransmiss\u00e3o solar \/ UV<\/td>\n<td style=\"vertical-align: top; width: 113px;\">5%<br \/>\n95%<br \/>\n0%<\/td>\n<td style=\"vertical-align: top; width: 232px;\">Norma: DIN EN 410 2011<\/td>\n<\/tr>\n<tr>\n<td style=\"vertical-align: top; width: 183px;\">Ac\u00fastica<\/td>\n<td style=\"vertical-align: top; width: 113px;\">0,27<\/td>\n<td style=\"vertical-align: top; width: 232px;\">Norma: NRC &#8211; EN ISO 354<\/td>\n<\/tr>\n<\/tbody>\n<\/table>\n<p><span style=\"font-size: 13px;\"><em>Coeficiente m\u00e9dio de redu\u00e7\u00e3o do ru\u00eddo (NRC) em alfa sabine<\/em><\/span><br \/>\n<span style=\"font-size: 13px;\"><em>O valor NRC obtido caracteriza a capacidade de um tecido para permitir a passagem de ondas sonoras. Um coeficiente NRC pr\u00f3ximo de 0 caracteriza tecidos que s\u00e3o muito transmissivos ou apenas ligeiramente perturbadores do som e \u00e9, portanto, recomendado, por exemplo, para revestimento de pain\u00e9is ac\u00fasticos. Em contraste, um coeficiente NRC pr\u00f3ximo de 1 caracterizar\u00e1 um tecido absorvente ou que perturba muito fortemente as ondas sonoras. Ser\u00e1 ent\u00e3o recomendado, por exemplo, melhorar as performances ac\u00fastica de uma sala de acordo com as especifica\u00e7\u00f5es esperadas.<\/em><\/span><\/p>\n<p>\u00a0<\/p><\/p>\n","protected":false},"excerpt":{"rendered":"<p>Um tecido <strong><span style=\"color: #f88523;\">100% ocultante (blackout)<\/span><\/strong>, classe <span style=\"color: #f88523;\"><strong>M1<\/strong><\/span> rea\u00e7\u00e3o ao fogo (ign\u00edfugo), com um revestimento negro no verso. A sua cor negra de ambas as faces, que \u00e9 raro na gama de tecidos flocados obscurantes, permite a sua <span style=\"color: #f88523;\"><strong>discreta integra\u00e7\u00e3o<\/strong><\/span> em <span style=\"color: #f88523;\"><strong>ambientes particularmente sombrios<\/strong><\/span>.<\/p>\n<p><span style=\"color: #f88523;\"><strong>Lav\u00e1vel<\/strong><\/span> e <span style=\"color: #f88523;\"><strong>resistente \u00e0 luz<\/strong><\/span>, sendo adequado tanto para a <span style=\"color: #f88523;\"><strong>utiliza\u00e7\u00e3o tanto em interiores<\/strong><\/span> como no<span style=\"color: #f88523;\"><strong> exterior<\/strong><\/span>.<\/p>\n<p>Ideal para a realiza\u00e7\u00e3o de <strong><span style=\"color: #f88523;\">cortinas de oculta\u00e7\u00e3o<\/span><\/strong>, a flexibilidade e a solidez desta tela tamb\u00e9m o tornam completamente adaptado para <strong><span style=\"color: #f88523;\">revestimento de arma\u00e7\u00f5es<\/span><\/strong>.<\/p>\n<table class=\"table\" style=\"background: #f7f7f7;\">\n<tbody>\n<tr>\n<td><strong>Largura<\/strong>: 200 cm<\/td>\n<td><strong>Peso<\/strong>: 270 g\/m\u00b2<\/td>\n<\/tr>\n<tr>\n<td><strong>Classifica\u00e7\u00e3o de rea\u00e7\u00e3o ao fogo<\/strong>: <img decoding=\"async\" style=\"height: 20px; width: 20px;\" src=\"https:\/\/www.azur-scenic.com\/wp-content\/uploads\/csm_icon-flag-france_3304e5e3f9.png\" \/> M1<\/td>\n<td style=\"vertical-align: top;\"><strong>Composi\u00e7\u00e3o<\/strong>: 100% Poli\u00e9ster<br \/>\n+ revestimento acr\u00edlico no verso<\/td>\n<\/tr>\n<\/tbody>\n<\/table>\n","protected":false},"featured_media":7036,"template":"","meta":{"_acf_changed":false},"product_brand":[],"product_cat":[921,916,919],"product_tag":[],"class_list":{"0":"post-18916","1":"product","2":"type-product","3":"status-publish","4":"has-post-thumbnail","6":"product_cat-todos-os-produtos","7":"product_cat-texteis-cenicos-e-para-eventos","8":"product_cat-ocultantes-blackout","9":"pa_couleurs-003-negro","10":"pa_groupes-de-couleurs-negro","11":"pa_textiles-adaptado-para-exterior","12":"pa_textiles-classificacao-de-reacao-ao-fogo-ignifugo","13":"pa_textiles-lavavel","14":"pa_textiles-ocultante-blackout-e-ou-obscurecedor","15":"pa_textiles-resistente-a-uv","17":"first","18":"instock","19":"shipping-taxable","20":"purchasable","21":"product-type-simple"},"acf":[],"yoast_head":"<!-- This site is optimized with the Yoast SEO plugin v27.3 - https:\/\/yoast.com\/product\/yoast-seo-wordpress\/ -->\n<title>Tela Nocturne - Azur Scenic<\/title>\n<meta name=\"robots\" content=\"index, follow, max-snippet:-1, max-image-preview:large, max-video-preview:-1\" \/>\n<link rel=\"canonical\" href=\"https:\/\/www.azur-scenic.com\/pt-pt\/produto\/tela-nocturne\/\" \/>\n<meta property=\"og:locale\" content=\"pt_PT\" \/>\n<meta property=\"og:type\" content=\"article\" \/>\n<meta property=\"og:title\" content=\"Tela Nocturne - Azur Scenic\" \/>\n<meta property=\"og:description\" content=\"Um tecido 100% ocultante (blackout), classe M1 rea\u00e7\u00e3o ao fogo (ign\u00edfugo), com um revestimento negro no verso. A sua cor negra de ambas as faces, que \u00e9 raro na gama de tecidos flocados obscurantes, permite a sua discreta integra\u00e7\u00e3o em ambientes particularmente sombrios. Lav\u00e1vel e resistente \u00e0 luz, sendo adequado tanto para a utiliza\u00e7\u00e3o tanto em interiores como no exterior. Ideal para a realiza\u00e7\u00e3o de cortinas de oculta\u00e7\u00e3o, a flexibilidade e a solidez desta tela tamb\u00e9m o tornam completamente adaptado para revestimento de arma\u00e7\u00f5es.  Largura: 200 cm Peso: 270 g\/m\u00b2  Classifica\u00e7\u00e3o de rea\u00e7\u00e3o ao fogo: M1 Composi\u00e7\u00e3o: 100% Poli\u00e9ster + revestimento acr\u00edlico no verso\" \/>\n<meta property=\"og:url\" content=\"https:\/\/www.azur-scenic.com\/pt-pt\/produto\/tela-nocturne\/\" \/>\n<meta property=\"og:site_name\" content=\"Azur Scenic\" \/>\n<meta property=\"article:modified_time\" content=\"2023-08-02T13:23:36+00:00\" \/>\n<meta property=\"og:image\" content=\"https:\/\/www.azur-scenic.com\/wp-content\/uploads\/1253694874996b9d90185fc52f1e5912.png\" \/>\n\t<meta property=\"og:image:width\" content=\"430\" \/>\n\t<meta property=\"og:image:height\" content=\"430\" \/>\n\t<meta property=\"og:image:type\" content=\"image\/png\" \/>\n<meta name=\"twitter:card\" content=\"summary_large_image\" \/>\n<meta name=\"twitter:label1\" content=\"Tempo estimado de leitura\" \/>\n\t<meta name=\"twitter:data1\" content=\"1 minuto\" \/>\n<script type=\"application\/ld+json\" class=\"yoast-schema-graph\">{\"@context\":\"https:\\\/\\\/schema.org\",\"@graph\":[{\"@type\":\"WebPage\",\"@id\":\"https:\\\/\\\/www.azur-scenic.com\\\/pt-pt\\\/produto\\\/tela-nocturne\\\/\",\"url\":\"https:\\\/\\\/www.azur-scenic.com\\\/pt-pt\\\/produto\\\/tela-nocturne\\\/\",\"name\":\"Tela Nocturne - Azur Scenic\",\"isPartOf\":{\"@id\":\"https:\\\/\\\/www.azur-scenic.com\\\/pt-pt\\\/#website\"},\"primaryImageOfPage\":{\"@id\":\"https:\\\/\\\/www.azur-scenic.com\\\/pt-pt\\\/produto\\\/tela-nocturne\\\/#primaryimage\"},\"image\":{\"@id\":\"https:\\\/\\\/www.azur-scenic.com\\\/pt-pt\\\/produto\\\/tela-nocturne\\\/#primaryimage\"},\"thumbnailUrl\":\"https:\\\/\\\/www.azur-scenic.com\\\/wp-content\\\/uploads\\\/1253694874996b9d90185fc52f1e5912.png\",\"datePublished\":\"2022-10-04T07:25:40+00:00\",\"dateModified\":\"2023-08-02T13:23:36+00:00\",\"breadcrumb\":{\"@id\":\"https:\\\/\\\/www.azur-scenic.com\\\/pt-pt\\\/produto\\\/tela-nocturne\\\/#breadcrumb\"},\"inLanguage\":\"pt-PT\",\"potentialAction\":[{\"@type\":\"ReadAction\",\"target\":[\"https:\\\/\\\/www.azur-scenic.com\\\/pt-pt\\\/produto\\\/tela-nocturne\\\/\"]}]},{\"@type\":\"ImageObject\",\"inLanguage\":\"pt-PT\",\"@id\":\"https:\\\/\\\/www.azur-scenic.com\\\/pt-pt\\\/produto\\\/tela-nocturne\\\/#primaryimage\",\"url\":\"https:\\\/\\\/www.azur-scenic.com\\\/wp-content\\\/uploads\\\/1253694874996b9d90185fc52f1e5912.png\",\"contentUrl\":\"https:\\\/\\\/www.azur-scenic.com\\\/wp-content\\\/uploads\\\/1253694874996b9d90185fc52f1e5912.png\",\"width\":430,\"height\":430},{\"@type\":\"BreadcrumbList\",\"@id\":\"https:\\\/\\\/www.azur-scenic.com\\\/pt-pt\\\/produto\\\/tela-nocturne\\\/#breadcrumb\",\"itemListElement\":[{\"@type\":\"ListItem\",\"position\":1,\"name\":\"Accueil\",\"item\":\"https:\\\/\\\/www.azur-scenic.com\\\/pt-pt\\\/\"},{\"@type\":\"ListItem\",\"position\":2,\"name\":\"Produits\",\"item\":\"https:\\\/\\\/www.azur-scenic.com\\\/pt-pt\\\/?page_id=21439\"},{\"@type\":\"ListItem\",\"position\":3,\"name\":\"Tela Nocturne\"}]},{\"@type\":\"WebSite\",\"@id\":\"https:\\\/\\\/www.azur-scenic.com\\\/pt-pt\\\/#website\",\"url\":\"https:\\\/\\\/www.azur-scenic.com\\\/pt-pt\\\/\",\"name\":\"Azur Scenic\",\"description\":\"Sp\u00e9cialiste de l\u2019\u00e9quipement sc\u00e9nique et de la d\u00e9coration int\u00e9rieure et \u00e9v\u00e9nementielle !\",\"publisher\":{\"@id\":\"https:\\\/\\\/www.azur-scenic.com\\\/pt-pt\\\/#organization\"},\"potentialAction\":[{\"@type\":\"SearchAction\",\"target\":{\"@type\":\"EntryPoint\",\"urlTemplate\":\"https:\\\/\\\/www.azur-scenic.com\\\/pt-pt\\\/?s={search_term_string}\"},\"query-input\":{\"@type\":\"PropertyValueSpecification\",\"valueRequired\":true,\"valueName\":\"search_term_string\"}}],\"inLanguage\":\"pt-PT\"},{\"@type\":\"Organization\",\"@id\":\"https:\\\/\\\/www.azur-scenic.com\\\/pt-pt\\\/#organization\",\"name\":\"AZUR SCENIC\",\"url\":\"https:\\\/\\\/www.azur-scenic.com\\\/pt-pt\\\/\",\"logo\":{\"@type\":\"ImageObject\",\"inLanguage\":\"pt-PT\",\"@id\":\"https:\\\/\\\/www.azur-scenic.com\\\/pt-pt\\\/#\\\/schema\\\/logo\\\/image\\\/\",\"url\":\"https:\\\/\\\/www.azur-scenic.com\\\/wp-content\\\/uploads\\\/2022\\\/09\\\/LOGO-AZUR-SCENIC-Fusion-web-236x64-1.jpg\",\"contentUrl\":\"https:\\\/\\\/www.azur-scenic.com\\\/wp-content\\\/uploads\\\/2022\\\/09\\\/LOGO-AZUR-SCENIC-Fusion-web-236x64-1.jpg\",\"width\":236,\"height\":64,\"caption\":\"AZUR SCENIC\"},\"image\":{\"@id\":\"https:\\\/\\\/www.azur-scenic.com\\\/pt-pt\\\/#\\\/schema\\\/logo\\\/image\\\/\"},\"sameAs\":[\"https:\\\/\\\/www.youtube.com\\\/channel\\\/UCPWM2mGPVUt4nYhNlm71WOA\",\"https:\\\/\\\/www.linkedin.com\\\/company\\\/33237605\\\/admin\\\/feed\\\/posts\\\/\"]}]}<\/script>\n<!-- \/ Yoast SEO plugin. -->","yoast_head_json":{"title":"Tela Nocturne - Azur Scenic","robots":{"index":"index","follow":"follow","max-snippet":"max-snippet:-1","max-image-preview":"max-image-preview:large","max-video-preview":"max-video-preview:-1"},"canonical":"https:\/\/www.azur-scenic.com\/pt-pt\/produto\/tela-nocturne\/","og_locale":"pt_PT","og_type":"article","og_title":"Tela Nocturne - Azur Scenic","og_description":"Um tecido 100% ocultante (blackout), classe M1 rea\u00e7\u00e3o ao fogo (ign\u00edfugo), com um revestimento negro no verso. A sua cor negra de ambas as faces, que \u00e9 raro na gama de tecidos flocados obscurantes, permite a sua discreta integra\u00e7\u00e3o em ambientes particularmente sombrios. Lav\u00e1vel e resistente \u00e0 luz, sendo adequado tanto para a utiliza\u00e7\u00e3o tanto em interiores como no exterior. Ideal para a realiza\u00e7\u00e3o de cortinas de oculta\u00e7\u00e3o, a flexibilidade e a solidez desta tela tamb\u00e9m o tornam completamente adaptado para revestimento de arma\u00e7\u00f5es.  Largura: 200 cm Peso: 270 g\/m\u00b2  Classifica\u00e7\u00e3o de rea\u00e7\u00e3o ao fogo: M1 Composi\u00e7\u00e3o: 100% Poli\u00e9ster + revestimento acr\u00edlico no verso","og_url":"https:\/\/www.azur-scenic.com\/pt-pt\/produto\/tela-nocturne\/","og_site_name":"Azur Scenic","article_modified_time":"2023-08-02T13:23:36+00:00","og_image":[{"width":430,"height":430,"url":"https:\/\/www.azur-scenic.com\/wp-content\/uploads\/1253694874996b9d90185fc52f1e5912.png","type":"image\/png"}],"twitter_card":"summary_large_image","twitter_misc":{"Tempo estimado de leitura":"1 minuto"},"schema":{"@context":"https:\/\/schema.org","@graph":[{"@type":"WebPage","@id":"https:\/\/www.azur-scenic.com\/pt-pt\/produto\/tela-nocturne\/","url":"https:\/\/www.azur-scenic.com\/pt-pt\/produto\/tela-nocturne\/","name":"Tela Nocturne - Azur Scenic","isPartOf":{"@id":"https:\/\/www.azur-scenic.com\/pt-pt\/#website"},"primaryImageOfPage":{"@id":"https:\/\/www.azur-scenic.com\/pt-pt\/produto\/tela-nocturne\/#primaryimage"},"image":{"@id":"https:\/\/www.azur-scenic.com\/pt-pt\/produto\/tela-nocturne\/#primaryimage"},"thumbnailUrl":"https:\/\/www.azur-scenic.com\/wp-content\/uploads\/1253694874996b9d90185fc52f1e5912.png","datePublished":"2022-10-04T07:25:40+00:00","dateModified":"2023-08-02T13:23:36+00:00","breadcrumb":{"@id":"https:\/\/www.azur-scenic.com\/pt-pt\/produto\/tela-nocturne\/#breadcrumb"},"inLanguage":"pt-PT","potentialAction":[{"@type":"ReadAction","target":["https:\/\/www.azur-scenic.com\/pt-pt\/produto\/tela-nocturne\/"]}]},{"@type":"ImageObject","inLanguage":"pt-PT","@id":"https:\/\/www.azur-scenic.com\/pt-pt\/produto\/tela-nocturne\/#primaryimage","url":"https:\/\/www.azur-scenic.com\/wp-content\/uploads\/1253694874996b9d90185fc52f1e5912.png","contentUrl":"https:\/\/www.azur-scenic.com\/wp-content\/uploads\/1253694874996b9d90185fc52f1e5912.png","width":430,"height":430},{"@type":"BreadcrumbList","@id":"https:\/\/www.azur-scenic.com\/pt-pt\/produto\/tela-nocturne\/#breadcrumb","itemListElement":[{"@type":"ListItem","position":1,"name":"Accueil","item":"https:\/\/www.azur-scenic.com\/pt-pt\/"},{"@type":"ListItem","position":2,"name":"Produits","item":"https:\/\/www.azur-scenic.com\/pt-pt\/?page_id=21439"},{"@type":"ListItem","position":3,"name":"Tela Nocturne"}]},{"@type":"WebSite","@id":"https:\/\/www.azur-scenic.com\/pt-pt\/#website","url":"https:\/\/www.azur-scenic.com\/pt-pt\/","name":"Azur Scenic","description":"Sp\u00e9cialiste de l\u2019\u00e9quipement sc\u00e9nique et de la d\u00e9coration int\u00e9rieure et \u00e9v\u00e9nementielle !","publisher":{"@id":"https:\/\/www.azur-scenic.com\/pt-pt\/#organization"},"potentialAction":[{"@type":"SearchAction","target":{"@type":"EntryPoint","urlTemplate":"https:\/\/www.azur-scenic.com\/pt-pt\/?s={search_term_string}"},"query-input":{"@type":"PropertyValueSpecification","valueRequired":true,"valueName":"search_term_string"}}],"inLanguage":"pt-PT"},{"@type":"Organization","@id":"https:\/\/www.azur-scenic.com\/pt-pt\/#organization","name":"AZUR SCENIC","url":"https:\/\/www.azur-scenic.com\/pt-pt\/","logo":{"@type":"ImageObject","inLanguage":"pt-PT","@id":"https:\/\/www.azur-scenic.com\/pt-pt\/#\/schema\/logo\/image\/","url":"https:\/\/www.azur-scenic.com\/wp-content\/uploads\/2022\/09\/LOGO-AZUR-SCENIC-Fusion-web-236x64-1.jpg","contentUrl":"https:\/\/www.azur-scenic.com\/wp-content\/uploads\/2022\/09\/LOGO-AZUR-SCENIC-Fusion-web-236x64-1.jpg","width":236,"height":64,"caption":"AZUR SCENIC"},"image":{"@id":"https:\/\/www.azur-scenic.com\/pt-pt\/#\/schema\/logo\/image\/"},"sameAs":["https:\/\/www.youtube.com\/channel\/UCPWM2mGPVUt4nYhNlm71WOA","https:\/\/www.linkedin.com\/company\/33237605\/admin\/feed\/posts\/"]}]}},"_links":{"self":[{"href":"https:\/\/www.azur-scenic.com\/pt-pt\/wp-json\/wp\/v2\/product\/18916","targetHints":{"allow":["GET"]}}],"collection":[{"href":"https:\/\/www.azur-scenic.com\/pt-pt\/wp-json\/wp\/v2\/product"}],"about":[{"href":"https:\/\/www.azur-scenic.com\/pt-pt\/wp-json\/wp\/v2\/types\/product"}],"wp:featuredmedia":[{"embeddable":true,"href":"https:\/\/www.azur-scenic.com\/pt-pt\/wp-json\/wp\/v2\/media\/7036"}],"wp:attachment":[{"href":"https:\/\/www.azur-scenic.com\/pt-pt\/wp-json\/wp\/v2\/media?parent=18916"}],"wp:term":[{"taxonomy":"product_brand","embeddable":true,"href":"https:\/\/www.azur-scenic.com\/pt-pt\/wp-json\/wp\/v2\/product_brand?post=18916"},{"taxonomy":"product_cat","embeddable":true,"href":"https:\/\/www.azur-scenic.com\/pt-pt\/wp-json\/wp\/v2\/product_cat?post=18916"},{"taxonomy":"product_tag","embeddable":true,"href":"https:\/\/www.azur-scenic.com\/pt-pt\/wp-json\/wp\/v2\/product_tag?post=18916"}],"curies":[{"name":"wp","href":"https:\/\/api.w.org\/{rel}","templated":true}]}}