{"id":19299,"date":"2022-10-04T07:25:00","date_gmt":"2022-10-04T07:25:00","guid":{"rendered":"https:\/\/www.azur-scenic.com\/produit\/stretch-ibiza\/"},"modified":"2023-08-02T13:24:07","modified_gmt":"2023-08-02T13:24:07","slug":"stretch-ibiza","status":"publish","type":"product","link":"https:\/\/www.azur-scenic.com\/pt-pt\/produto\/stretch-ibiza\/","title":{"rendered":"Stretch Ibiza"},"content":{"rendered":"<table>\n<thead>\n<tr>\n<th style=\"width: 170px;\">Dados t\u00e9cnicos<\/th>\n<th style=\"width: 133px;\">Valor<\/th>\n<th style=\"width: 226px;\">Coment\u00e1rio<\/th>\n<\/tr>\n<\/thead>\n<tbody>\n<tr>\n<td style=\"vertical-align: top;\">Largura<\/td>\n<td style=\"vertical-align: top; width: 133px;\">150 cm<\/td>\n<td style=\"vertical-align: top; width: 226px;\">\u00a0<\/td>\n<\/tr>\n<tr>\n<td style=\"vertical-align: top;\">Peso<\/td>\n<td style=\"vertical-align: top; width: 133px;\">230 g\/m\u00b2<\/td>\n<td style=\"vertical-align: top; width: 226px;\">\u00a0<\/td>\n<\/tr>\n<tr>\n<td style=\"vertical-align: top;\">Espessura<\/td>\n<td style=\"vertical-align: top; width: 133px;\">0,5 mm<\/td>\n<td style=\"vertical-align: top; width: 226px;\">\u00a0<\/td>\n<\/tr>\n<tr>\n<td style=\"vertical-align: top;\">Classifica\u00e7\u00e3o de rea\u00e7\u00e3o ao fogo<\/td>\n<td style=\"vertical-align: top; width: 133px;\"><img decoding=\"async\" style=\"height: 20px; width: 20px;\" src=\"https:\/\/www.azur-scenic.com\/wp-content\/uploads\/csm_icon-flag-france_3304e5e3f9.png\" \/> M1<\/td>\n<td style=\"vertical-align: top; width: 226px;\">Norma: NF P 92-503-507<\/td>\n<\/tr>\n<tr>\n<td style=\"vertical-align: top;\">Composi\u00e7\u00e3o<\/td>\n<td style=\"vertical-align: top;\" colspan=\"2\" rowspan=\"1\">80% Poliamida, 20% Elastano<\/td>\n<\/tr>\n<tr>\n<td style=\"vertical-align: top;\">Comprimento do rolo<\/td>\n<td style=\"vertical-align: top; width: 133px;\">50 m<br \/>\nRolo de largura completa<\/td>\n<td style=\"vertical-align: top; width: 226px;\">Possibilidade de venda a retalho<\/td>\n<\/tr>\n<tr>\n<td style=\"vertical-align: top;\">Elasticidade<\/td>\n<td style=\"vertical-align: top; width: 133px;\">15 a 40%<\/td>\n<td style=\"vertical-align: top; width: 226px;\">A elasticidade \u00e9 apresentada a t\u00edtulo meramente indicativo, e pode variar de acordo com o tamanho, forma e<br \/>\ntipo de gancho,<\/td>\n<\/tr>\n<\/tbody>\n<\/table>\n<p>\u00a0<\/p><\/p>\n","protected":false},"excerpt":{"rendered":"<p>Uma Lycra\u00ae <strong><span style=\"color: #f88523;\">extens\u00edvel<\/span><\/strong>, classificado<strong><span style=\"color: #f88523;\"> M1 de rea\u00e7\u00e3o ao fogo (ign\u00edfugo)<\/span><\/strong>, ideal para todos os seus projetos de <span style=\"color: #f88523;\"><strong>decora\u00e7\u00e3o de eventos<\/strong><\/span> quer em <span style=\"color: #f88523;\"><strong>interiores<\/strong><\/span> como em<span style=\"color: #f88523;\"><strong> exteriores<\/strong><\/span>.<br \/>\nDispon\u00edvel em <span style=\"color: #f88523;\"><strong>16 atrativas cores<\/strong><\/span>, este tecido &#8220;stretch&#8221; (el\u00e1stico) est\u00e1 tamb\u00e9m dispon\u00edvel nas formas mais inesperadas, tais como redes ou uma vers\u00e3o com revestimento imperme\u00e1vel.<br \/>\nExtremamente polivalente, esta Lycra\u00ae pode ser usado para confe\u00e7\u00e3o <span style=\"color: #f88523;\"><strong>tendas e toldos<\/strong><\/span>, para <span style=\"color: #f88523;\"><strong>decorar stands<\/strong><\/span>, para <span style=\"color: #f88523;\"><strong>revestir estruturas<\/strong><\/span> c\u00e9nicas, para <span style=\"color: #f88523;\"><strong>decora\u00e7\u00e3o de cen\u00e1rios<\/strong><\/span>, e tamb\u00e9m pode ser usado como <span style=\"color: #f88523;\"><strong>suporte criativo<\/strong><\/span> para <span style=\"color: #f88523;\"><strong>proje\u00e7\u00e3o<\/strong><\/span>.<\/p>\n<table class=\"table\" style=\"background: #f7f7f7;\">\n<tbody>\n<tr>\n<td><strong>Largura<\/strong>: 150 cm<\/td>\n<td><strong>Peso<\/strong>: 230 g\/m\u00b2<\/td>\n<\/tr>\n<tr>\n<td><strong>Classifica\u00e7\u00e3o de rea\u00e7\u00e3o ao fogo<\/strong>: <img decoding=\"async\" style=\"height: 20px; width: 20px;\" src=\"https:\/\/www.azur-scenic.com\/wp-content\/uploads\/csm_icon-flag-france_3304e5e3f9.png\" \/> M1<\/td>\n<td style=\"vertical-align: top;\"><strong>Composi\u00e7\u00e3o<\/strong>: 80% Poliamida,<br \/>\n20% Elastano<\/td>\n<\/tr>\n<\/tbody>\n<\/table>\n","protected":false},"featured_media":6964,"template":"","meta":{"_acf_changed":false},"product_brand":[],"product_cat":[921,916,1359],"product_tag":[],"class_list":{"0":"post-19299","1":"product","2":"type-product","3":"status-publish","4":"has-post-thumbnail","6":"product_cat-todos-os-produtos","7":"product_cat-texteis-cenicos-e-para-eventos","8":"product_cat-extensiveis","9":"pa_couleurs-001-es","10":"pa_couleurs-002-es","11":"pa_couleurs-092-es","12":"pa_couleurs-100-es","13":"pa_couleurs-250-es","14":"pa_couleurs-325-es","15":"pa_couleurs-340-es","16":"pa_couleurs-460-es","17":"pa_couleurs-623-es","18":"pa_couleurs-650-es","19":"pa_couleurs-708-es","20":"pa_couleurs-765-es","21":"pa_couleurs-790-es","22":"pa_couleurs-800-es","23":"pa_couleurs-950-es","24":"pa_groupes-de-couleurs-branco","25":"pa_groupes-de-couleurs-azuis","26":"pa_groupes-de-couleurs-cru","27":"pa_groupes-de-couleurs-cinzento","28":"pa_groupes-de-couleurs-amarelos","29":"pa_groupes-de-couleurs-laranjas","30":"pa_groupes-de-couleurs-rosas","31":"pa_groupes-de-couleurs-vermelhos","32":"pa_groupes-de-couleurs-verdes","33":"pa_groupes-de-couleurs-violetas","34":"pa_textiles-adaptado-para-exterior","35":"pa_textiles-classificacao-de-reacao-ao-fogo-ignifugo","36":"pa_textiles-extensivel","37":"pa_textiles-projecao-frontal","39":"first","40":"instock","41":"shipping-taxable","42":"purchasable","43":"product-type-variable"},"acf":[],"yoast_head":"<!-- This site is optimized with the Yoast SEO plugin v27.3 - https:\/\/yoast.com\/product\/yoast-seo-wordpress\/ -->\n<title>Stretch Ibiza - Azur Scenic<\/title>\n<meta name=\"robots\" content=\"index, follow, max-snippet:-1, max-image-preview:large, max-video-preview:-1\" \/>\n<link rel=\"canonical\" href=\"https:\/\/www.azur-scenic.com\/pt-pt\/produto\/stretch-ibiza\/\" \/>\n<meta property=\"og:locale\" content=\"pt_PT\" \/>\n<meta property=\"og:type\" content=\"article\" \/>\n<meta property=\"og:title\" content=\"Stretch Ibiza - Azur Scenic\" \/>\n<meta property=\"og:description\" content=\"Uma Lycra\u00ae extens\u00edvel, classificado M1 de rea\u00e7\u00e3o ao fogo (ign\u00edfugo), ideal para todos os seus projetos de decora\u00e7\u00e3o de eventos quer em interiores como em exteriores. Dispon\u00edvel em 16 atrativas cores, este tecido &quot;stretch&quot; (el\u00e1stico) est\u00e1 tamb\u00e9m dispon\u00edvel nas formas mais inesperadas, tais como redes ou uma vers\u00e3o com revestimento imperme\u00e1vel. Extremamente polivalente, esta Lycra\u00ae pode ser usado para confe\u00e7\u00e3o tendas e toldos, para decorar stands, para revestir estruturas c\u00e9nicas, para decora\u00e7\u00e3o de cen\u00e1rios, e tamb\u00e9m pode ser usado como suporte criativo para proje\u00e7\u00e3o.  Largura: 150 cm Peso: 230 g\/m\u00b2  Classifica\u00e7\u00e3o de rea\u00e7\u00e3o ao fogo: M1 Composi\u00e7\u00e3o: 80% Poliamida, 20% Elastano\" \/>\n<meta property=\"og:url\" content=\"https:\/\/www.azur-scenic.com\/pt-pt\/produto\/stretch-ibiza\/\" \/>\n<meta property=\"og:site_name\" content=\"Azur Scenic\" \/>\n<meta property=\"article:modified_time\" content=\"2023-08-02T13:24:07+00:00\" \/>\n<meta property=\"og:image\" content=\"https:\/\/www.azur-scenic.com\/wp-content\/uploads\/315ce2d1cbea39b2d7d14d7f5c2fa90b.png\" \/>\n\t<meta property=\"og:image:width\" content=\"430\" \/>\n\t<meta property=\"og:image:height\" content=\"430\" \/>\n\t<meta property=\"og:image:type\" content=\"image\/png\" \/>\n<meta name=\"twitter:card\" content=\"summary_large_image\" \/>\n<script type=\"application\/ld+json\" class=\"yoast-schema-graph\">{\"@context\":\"https:\\\/\\\/schema.org\",\"@graph\":[{\"@type\":\"WebPage\",\"@id\":\"https:\\\/\\\/www.azur-scenic.com\\\/pt-pt\\\/produto\\\/stretch-ibiza\\\/\",\"url\":\"https:\\\/\\\/www.azur-scenic.com\\\/pt-pt\\\/produto\\\/stretch-ibiza\\\/\",\"name\":\"Stretch Ibiza - Azur Scenic\",\"isPartOf\":{\"@id\":\"https:\\\/\\\/www.azur-scenic.com\\\/pt-pt\\\/#website\"},\"primaryImageOfPage\":{\"@id\":\"https:\\\/\\\/www.azur-scenic.com\\\/pt-pt\\\/produto\\\/stretch-ibiza\\\/#primaryimage\"},\"image\":{\"@id\":\"https:\\\/\\\/www.azur-scenic.com\\\/pt-pt\\\/produto\\\/stretch-ibiza\\\/#primaryimage\"},\"thumbnailUrl\":\"https:\\\/\\\/www.azur-scenic.com\\\/wp-content\\\/uploads\\\/315ce2d1cbea39b2d7d14d7f5c2fa90b.png\",\"datePublished\":\"2022-10-04T07:25:00+00:00\",\"dateModified\":\"2023-08-02T13:24:07+00:00\",\"breadcrumb\":{\"@id\":\"https:\\\/\\\/www.azur-scenic.com\\\/pt-pt\\\/produto\\\/stretch-ibiza\\\/#breadcrumb\"},\"inLanguage\":\"pt-PT\",\"potentialAction\":[{\"@type\":\"ReadAction\",\"target\":[\"https:\\\/\\\/www.azur-scenic.com\\\/pt-pt\\\/produto\\\/stretch-ibiza\\\/\"]}]},{\"@type\":\"ImageObject\",\"inLanguage\":\"pt-PT\",\"@id\":\"https:\\\/\\\/www.azur-scenic.com\\\/pt-pt\\\/produto\\\/stretch-ibiza\\\/#primaryimage\",\"url\":\"https:\\\/\\\/www.azur-scenic.com\\\/wp-content\\\/uploads\\\/315ce2d1cbea39b2d7d14d7f5c2fa90b.png\",\"contentUrl\":\"https:\\\/\\\/www.azur-scenic.com\\\/wp-content\\\/uploads\\\/315ce2d1cbea39b2d7d14d7f5c2fa90b.png\",\"width\":430,\"height\":430},{\"@type\":\"BreadcrumbList\",\"@id\":\"https:\\\/\\\/www.azur-scenic.com\\\/pt-pt\\\/produto\\\/stretch-ibiza\\\/#breadcrumb\",\"itemListElement\":[{\"@type\":\"ListItem\",\"position\":1,\"name\":\"Accueil\",\"item\":\"https:\\\/\\\/www.azur-scenic.com\\\/pt-pt\\\/\"},{\"@type\":\"ListItem\",\"position\":2,\"name\":\"Produits\",\"item\":\"https:\\\/\\\/www.azur-scenic.com\\\/pt-pt\\\/?page_id=21439\"},{\"@type\":\"ListItem\",\"position\":3,\"name\":\"Stretch Ibiza\"}]},{\"@type\":\"WebSite\",\"@id\":\"https:\\\/\\\/www.azur-scenic.com\\\/pt-pt\\\/#website\",\"url\":\"https:\\\/\\\/www.azur-scenic.com\\\/pt-pt\\\/\",\"name\":\"Azur Scenic\",\"description\":\"Sp\u00e9cialiste de l\u2019\u00e9quipement sc\u00e9nique et de la d\u00e9coration int\u00e9rieure et \u00e9v\u00e9nementielle !\",\"publisher\":{\"@id\":\"https:\\\/\\\/www.azur-scenic.com\\\/pt-pt\\\/#organization\"},\"potentialAction\":[{\"@type\":\"SearchAction\",\"target\":{\"@type\":\"EntryPoint\",\"urlTemplate\":\"https:\\\/\\\/www.azur-scenic.com\\\/pt-pt\\\/?s={search_term_string}\"},\"query-input\":{\"@type\":\"PropertyValueSpecification\",\"valueRequired\":true,\"valueName\":\"search_term_string\"}}],\"inLanguage\":\"pt-PT\"},{\"@type\":\"Organization\",\"@id\":\"https:\\\/\\\/www.azur-scenic.com\\\/pt-pt\\\/#organization\",\"name\":\"AZUR SCENIC\",\"url\":\"https:\\\/\\\/www.azur-scenic.com\\\/pt-pt\\\/\",\"logo\":{\"@type\":\"ImageObject\",\"inLanguage\":\"pt-PT\",\"@id\":\"https:\\\/\\\/www.azur-scenic.com\\\/pt-pt\\\/#\\\/schema\\\/logo\\\/image\\\/\",\"url\":\"https:\\\/\\\/www.azur-scenic.com\\\/wp-content\\\/uploads\\\/2022\\\/09\\\/LOGO-AZUR-SCENIC-Fusion-web-236x64-1.jpg\",\"contentUrl\":\"https:\\\/\\\/www.azur-scenic.com\\\/wp-content\\\/uploads\\\/2022\\\/09\\\/LOGO-AZUR-SCENIC-Fusion-web-236x64-1.jpg\",\"width\":236,\"height\":64,\"caption\":\"AZUR SCENIC\"},\"image\":{\"@id\":\"https:\\\/\\\/www.azur-scenic.com\\\/pt-pt\\\/#\\\/schema\\\/logo\\\/image\\\/\"},\"sameAs\":[\"https:\\\/\\\/www.youtube.com\\\/channel\\\/UCPWM2mGPVUt4nYhNlm71WOA\",\"https:\\\/\\\/www.linkedin.com\\\/company\\\/33237605\\\/admin\\\/feed\\\/posts\\\/\"]}]}<\/script>\n<!-- \/ Yoast SEO plugin. -->","yoast_head_json":{"title":"Stretch Ibiza - Azur Scenic","robots":{"index":"index","follow":"follow","max-snippet":"max-snippet:-1","max-image-preview":"max-image-preview:large","max-video-preview":"max-video-preview:-1"},"canonical":"https:\/\/www.azur-scenic.com\/pt-pt\/produto\/stretch-ibiza\/","og_locale":"pt_PT","og_type":"article","og_title":"Stretch Ibiza - Azur Scenic","og_description":"Uma Lycra\u00ae extens\u00edvel, classificado M1 de rea\u00e7\u00e3o ao fogo (ign\u00edfugo), ideal para todos os seus projetos de decora\u00e7\u00e3o de eventos quer em interiores como em exteriores. Dispon\u00edvel em 16 atrativas cores, este tecido \"stretch\" (el\u00e1stico) est\u00e1 tamb\u00e9m dispon\u00edvel nas formas mais inesperadas, tais como redes ou uma vers\u00e3o com revestimento imperme\u00e1vel. Extremamente polivalente, esta Lycra\u00ae pode ser usado para confe\u00e7\u00e3o tendas e toldos, para decorar stands, para revestir estruturas c\u00e9nicas, para decora\u00e7\u00e3o de cen\u00e1rios, e tamb\u00e9m pode ser usado como suporte criativo para proje\u00e7\u00e3o.  Largura: 150 cm Peso: 230 g\/m\u00b2  Classifica\u00e7\u00e3o de rea\u00e7\u00e3o ao fogo: M1 Composi\u00e7\u00e3o: 80% Poliamida, 20% Elastano","og_url":"https:\/\/www.azur-scenic.com\/pt-pt\/produto\/stretch-ibiza\/","og_site_name":"Azur Scenic","article_modified_time":"2023-08-02T13:24:07+00:00","og_image":[{"width":430,"height":430,"url":"https:\/\/www.azur-scenic.com\/wp-content\/uploads\/315ce2d1cbea39b2d7d14d7f5c2fa90b.png","type":"image\/png"}],"twitter_card":"summary_large_image","schema":{"@context":"https:\/\/schema.org","@graph":[{"@type":"WebPage","@id":"https:\/\/www.azur-scenic.com\/pt-pt\/produto\/stretch-ibiza\/","url":"https:\/\/www.azur-scenic.com\/pt-pt\/produto\/stretch-ibiza\/","name":"Stretch Ibiza - Azur Scenic","isPartOf":{"@id":"https:\/\/www.azur-scenic.com\/pt-pt\/#website"},"primaryImageOfPage":{"@id":"https:\/\/www.azur-scenic.com\/pt-pt\/produto\/stretch-ibiza\/#primaryimage"},"image":{"@id":"https:\/\/www.azur-scenic.com\/pt-pt\/produto\/stretch-ibiza\/#primaryimage"},"thumbnailUrl":"https:\/\/www.azur-scenic.com\/wp-content\/uploads\/315ce2d1cbea39b2d7d14d7f5c2fa90b.png","datePublished":"2022-10-04T07:25:00+00:00","dateModified":"2023-08-02T13:24:07+00:00","breadcrumb":{"@id":"https:\/\/www.azur-scenic.com\/pt-pt\/produto\/stretch-ibiza\/#breadcrumb"},"inLanguage":"pt-PT","potentialAction":[{"@type":"ReadAction","target":["https:\/\/www.azur-scenic.com\/pt-pt\/produto\/stretch-ibiza\/"]}]},{"@type":"ImageObject","inLanguage":"pt-PT","@id":"https:\/\/www.azur-scenic.com\/pt-pt\/produto\/stretch-ibiza\/#primaryimage","url":"https:\/\/www.azur-scenic.com\/wp-content\/uploads\/315ce2d1cbea39b2d7d14d7f5c2fa90b.png","contentUrl":"https:\/\/www.azur-scenic.com\/wp-content\/uploads\/315ce2d1cbea39b2d7d14d7f5c2fa90b.png","width":430,"height":430},{"@type":"BreadcrumbList","@id":"https:\/\/www.azur-scenic.com\/pt-pt\/produto\/stretch-ibiza\/#breadcrumb","itemListElement":[{"@type":"ListItem","position":1,"name":"Accueil","item":"https:\/\/www.azur-scenic.com\/pt-pt\/"},{"@type":"ListItem","position":2,"name":"Produits","item":"https:\/\/www.azur-scenic.com\/pt-pt\/?page_id=21439"},{"@type":"ListItem","position":3,"name":"Stretch Ibiza"}]},{"@type":"WebSite","@id":"https:\/\/www.azur-scenic.com\/pt-pt\/#website","url":"https:\/\/www.azur-scenic.com\/pt-pt\/","name":"Azur Scenic","description":"Sp\u00e9cialiste de l\u2019\u00e9quipement sc\u00e9nique et de la d\u00e9coration int\u00e9rieure et \u00e9v\u00e9nementielle !","publisher":{"@id":"https:\/\/www.azur-scenic.com\/pt-pt\/#organization"},"potentialAction":[{"@type":"SearchAction","target":{"@type":"EntryPoint","urlTemplate":"https:\/\/www.azur-scenic.com\/pt-pt\/?s={search_term_string}"},"query-input":{"@type":"PropertyValueSpecification","valueRequired":true,"valueName":"search_term_string"}}],"inLanguage":"pt-PT"},{"@type":"Organization","@id":"https:\/\/www.azur-scenic.com\/pt-pt\/#organization","name":"AZUR SCENIC","url":"https:\/\/www.azur-scenic.com\/pt-pt\/","logo":{"@type":"ImageObject","inLanguage":"pt-PT","@id":"https:\/\/www.azur-scenic.com\/pt-pt\/#\/schema\/logo\/image\/","url":"https:\/\/www.azur-scenic.com\/wp-content\/uploads\/2022\/09\/LOGO-AZUR-SCENIC-Fusion-web-236x64-1.jpg","contentUrl":"https:\/\/www.azur-scenic.com\/wp-content\/uploads\/2022\/09\/LOGO-AZUR-SCENIC-Fusion-web-236x64-1.jpg","width":236,"height":64,"caption":"AZUR SCENIC"},"image":{"@id":"https:\/\/www.azur-scenic.com\/pt-pt\/#\/schema\/logo\/image\/"},"sameAs":["https:\/\/www.youtube.com\/channel\/UCPWM2mGPVUt4nYhNlm71WOA","https:\/\/www.linkedin.com\/company\/33237605\/admin\/feed\/posts\/"]}]}},"_links":{"self":[{"href":"https:\/\/www.azur-scenic.com\/pt-pt\/wp-json\/wp\/v2\/product\/19299","targetHints":{"allow":["GET"]}}],"collection":[{"href":"https:\/\/www.azur-scenic.com\/pt-pt\/wp-json\/wp\/v2\/product"}],"about":[{"href":"https:\/\/www.azur-scenic.com\/pt-pt\/wp-json\/wp\/v2\/types\/product"}],"wp:featuredmedia":[{"embeddable":true,"href":"https:\/\/www.azur-scenic.com\/pt-pt\/wp-json\/wp\/v2\/media\/6964"}],"wp:attachment":[{"href":"https:\/\/www.azur-scenic.com\/pt-pt\/wp-json\/wp\/v2\/media?parent=19299"}],"wp:term":[{"taxonomy":"product_brand","embeddable":true,"href":"https:\/\/www.azur-scenic.com\/pt-pt\/wp-json\/wp\/v2\/product_brand?post=19299"},{"taxonomy":"product_cat","embeddable":true,"href":"https:\/\/www.azur-scenic.com\/pt-pt\/wp-json\/wp\/v2\/product_cat?post=19299"},{"taxonomy":"product_tag","embeddable":true,"href":"https:\/\/www.azur-scenic.com\/pt-pt\/wp-json\/wp\/v2\/product_tag?post=19299"}],"curies":[{"name":"wp","href":"https:\/\/api.w.org\/{rel}","templated":true}]}}